{"id":152,"date":"2014-04-25T14:16:53","date_gmt":"2014-04-25T14:16:53","guid":{"rendered":"http:\/\/www.musicosalimonda.com.br\/?page_id=152"},"modified":"2014-11-28T12:00:52","modified_gmt":"2014-11-28T12:00:52","slug":"musicas-2","status":"publish","type":"page","link":"http:\/\/www.musicosalimonda.com.br\/?page_id=152","title":{"rendered":"Repert\u00f3rio"},"content":{"rendered":"<h2 data-wpview-pad=\"1\">Heitor Alimonda<\/h2>\n<p>&nbsp;<\/p>\n<p><iframe loading=\"lazy\" width=\"500\" height=\"375\" src=\"http:\/\/www.youtube.com\/embed\/sv8PU07A35A?feature=oembed\" frameborder=\"0\" allowfullscreen><\/iframe><\/p>\n<p><iframe loading=\"lazy\" width=\"500\" height=\"375\" src=\"http:\/\/www.youtube.com\/embed\/SxH7uVuJ6Ts?feature=oembed\" frameborder=\"0\" allowfullscreen><\/iframe><\/p>\n<p><iframe loading=\"lazy\" width=\"500\" height=\"375\" src=\"http:\/\/www.youtube.com\/embed\/eepGFmWhBPs?feature=oembed\" frameborder=\"0\" allowfullscreen><\/iframe><\/p>\n<p><iframe loading=\"lazy\" width=\"500\" height=\"375\" src=\"http:\/\/www.youtube.com\/embed\/yWHkf1Uti70?feature=oembed\" frameborder=\"0\" allowfullscreen><\/iframe><\/p>\n<p><iframe loading=\"lazy\" width=\"500\" height=\"375\" src=\"http:\/\/www.youtube.com\/embed\/DMGoID0Ly2o?feature=oembed\" frameborder=\"0\" allowfullscreen><\/iframe><\/p>\n<!--[if lt IE 9]><script>document.createElement('audio');<\/script><![endif]-->\n\t<div class=\"wp-playlist wp-audio-playlist wp-playlist-light\">\n\t\t\t<div class=\"wp-playlist-current-item\"><\/div>\n\t\t<audio controls=\"controls\" preload=\"none\" width=\"640\"\n\t\t\t><\/audio>\n\t<div class=\"wp-playlist-next\"><\/div>\n\t<div class=\"wp-playlist-prev\"><\/div>\n\t<noscript>\n\t<ol>\n\t\t<li><a href='http:\/\/www.musicosalimonda.com.br\/wp-content\/uploads\/2014\/04\/01-R\u00eaverie-op.34-n.5.mp3'>E.SCH\u00dcTT - R\u00eaverie op.34 n.5<\/a><\/li><li><a href='http:\/\/www.musicosalimonda.com.br\/wp-content\/uploads\/2014\/04\/02-Sognando.mp3'>H.OSWALD - Sognando<\/a><\/li><li><a href='http:\/\/www.musicosalimonda.com.br\/wp-content\/uploads\/2014\/04\/03-R\u00eaverie-op.-58.mp3'>J.SIBELIUS - R\u00eaverie op. 58<\/a><\/li><li><a href='http:\/\/www.musicosalimonda.com.br\/wp-content\/uploads\/2014\/04\/04-Traumerei-op.-15.mp3'>R.SCHUMANN- Traumerei op. 15<\/a><\/li><li><a href='http:\/\/www.musicosalimonda.com.br\/wp-content\/uploads\/2014\/04\/05-En-R\u00eave.mp3'>F.LISZT - En R\u00eave<\/a><\/li><li><a href='http:\/\/www.musicosalimonda.com.br\/wp-content\/uploads\/2014\/04\/06-Traumerei-op.-9-n.4.mp3'>R.STAUSS - Traumerei op. 9 n.4<\/a><\/li><li><a href='http:\/\/www.musicosalimonda.com.br\/wp-content\/uploads\/2014\/04\/07-Traumeswirren.mp3'>R.SCHUMANN - Traumeswirren (confus\u00e3o de um sonho)<\/a><\/li><li><a href='http:\/\/www.musicosalimonda.com.br\/wp-content\/uploads\/2014\/04\/08-n.1-em-l\u00e1-bemol-maior.mp3'>F.LISZT Libestraume - n.1 em l\u00e1 bemol maior<\/a><\/li><li><a href='http:\/\/www.musicosalimonda.com.br\/wp-content\/uploads\/2014\/04\/09-n.-2-em-m\u00ed-maior.mp3'>F.LISZT Libestraume - n. 2 em m\u00ed maior<\/a><\/li><li><a href='http:\/\/www.musicosalimonda.com.br\/wp-content\/uploads\/2014\/04\/10-n.-3-em-l\u00e1-bemol-maior.mp3'>F.LISZT Libestraume - n. 3 em l\u00e1 bemol maior<\/a><\/li><li><a href='http:\/\/www.musicosalimonda.com.br\/wp-content\/uploads\/2014\/04\/11-La-R\u00eaveuse.mp3'>M.MARAIS - La R\u00eaveuse<\/a><\/li><li><a href='http:\/\/www.musicosalimonda.com.br\/wp-content\/uploads\/2014\/04\/12-R\u00eaverie.mp3'>C.DEBUSSY - R\u00eaverie<\/a><\/li>\t<\/ol>\n\t<\/noscript>\n\t<script type=\"application\/json\" class=\"wp-playlist-script\">{\"type\":\"audio\",\"tracklist\":true,\"tracknumbers\":true,\"images\":true,\"artists\":false,\"tracks\":[{\"src\":\"http:\\\/\\\/www.musicosalimonda.com.br\\\/wp-content\\\/uploads\\\/2014\\\/04\\\/01-R\\u00eaverie-op.34-n.5.mp3\",\"type\":\"audio\\\/mpeg\",\"title\":\"E.SCH\\u00dcTT - R\\u00eaverie op.34 n.5\",\"caption\":\"\",\"description\":\"\\\"R\\u00eaverie op.34 n.5\\\" de Traumerei R\\u00eaverie Sonho por Heitor Alimonda. Faixa 1. G\\u00eanero: M\\u00fasica cl\\u00e1ssica.\",\"meta\":{\"artist\":\"Heitor Alimonda, piano\",\"album\":\"Traumerei R\\u00eaverie Sonho\",\"genre\":\"M\\u00fasica cl\\u00e1ssica\",\"length_formatted\":\"4:06\"},\"image\":{\"src\":\"http:\\\/\\\/www.musicosalimonda.com.br\\\/wp-content\\\/uploads\\\/2014\\\/04\\\/Capas-CD-6.jpg\",\"width\":491,\"height\":487},\"thumb\":{\"src\":\"http:\\\/\\\/www.musicosalimonda.com.br\\\/wp-content\\\/uploads\\\/2014\\\/04\\\/Capas-CD-6-150x150.jpg\",\"width\":150,\"height\":150}},{\"src\":\"http:\\\/\\\/www.musicosalimonda.com.br\\\/wp-content\\\/uploads\\\/2014\\\/04\\\/02-Sognando.mp3\",\"type\":\"audio\\\/mpeg\",\"title\":\"H.OSWALD - Sognando\",\"caption\":\"\",\"description\":\"\\\"Sognando\\\" de Traumerei R\\u00eaverie Sonho por Heitor Alimonda. Faixa 2. G\\u00eanero: M\\u00fasica cl\\u00e1ssica.\",\"meta\":{\"artist\":\"Heitor Alimonda, piano\",\"album\":\"Traumerei R\\u00eaverie Sonho\",\"genre\":\"M\\u00fasica cl\\u00e1ssica\",\"length_formatted\":\"4:23\"},\"image\":{\"src\":\"http:\\\/\\\/www.musicosalimonda.com.br\\\/wp-content\\\/uploads\\\/2014\\\/04\\\/Capas-CD-6.jpg\",\"width\":491,\"height\":487},\"thumb\":{\"src\":\"http:\\\/\\\/www.musicosalimonda.com.br\\\/wp-content\\\/uploads\\\/2014\\\/04\\\/Capas-CD-6-150x150.jpg\",\"width\":150,\"height\":150}},{\"src\":\"http:\\\/\\\/www.musicosalimonda.com.br\\\/wp-content\\\/uploads\\\/2014\\\/04\\\/03-R\\u00eaverie-op.-58.mp3\",\"type\":\"audio\\\/mpeg\",\"title\":\"J.SIBELIUS - R\\u00eaverie op. 58\",\"caption\":\"\",\"description\":\"\\\"R\\u00eaverie op. 58\\\" de Traumerei R\\u00eaverie Sonho por Heitor Alimonda. Faixa 3. G\\u00eanero: M\\u00fasica cl\\u00e1ssica.\",\"meta\":{\"artist\":\"Heitor Alimonda, piano\",\"album\":\"Traumerei R\\u00eaverie Sonho\",\"genre\":\"M\\u00fasica cl\\u00e1ssica\",\"length_formatted\":\"4:46\"},\"image\":{\"src\":\"http:\\\/\\\/www.musicosalimonda.com.br\\\/wp-content\\\/uploads\\\/2014\\\/04\\\/Capas-CD-6.jpg\",\"width\":491,\"height\":487},\"thumb\":{\"src\":\"http:\\\/\\\/www.musicosalimonda.com.br\\\/wp-content\\\/uploads\\\/2014\\\/04\\\/Capas-CD-6-150x150.jpg\",\"width\":150,\"height\":150}},{\"src\":\"http:\\\/\\\/www.musicosalimonda.com.br\\\/wp-content\\\/uploads\\\/2014\\\/04\\\/04-Traumerei-op.-15.mp3\",\"type\":\"audio\\\/mpeg\",\"title\":\"R.SCHUMANN- Traumerei op. 15\",\"caption\":\"\",\"description\":\"\\\"Traumerei op. 15\\\" de Traumerei R\\u00eaverie Sonho por Heitor Alimonda. Faixa 4. G\\u00eanero: M\\u00fasica cl\\u00e1ssica.\",\"meta\":{\"artist\":\"Heitor Alimonda, piano\",\"album\":\"Traumerei R\\u00eaverie Sonho\",\"genre\":\"M\\u00fasica cl\\u00e1ssica\",\"length_formatted\":\"2:49\"},\"image\":{\"src\":\"http:\\\/\\\/www.musicosalimonda.com.br\\\/wp-content\\\/uploads\\\/2014\\\/04\\\/Capas-CD-6.jpg\",\"width\":491,\"height\":487},\"thumb\":{\"src\":\"http:\\\/\\\/www.musicosalimonda.com.br\\\/wp-content\\\/uploads\\\/2014\\\/04\\\/Capas-CD-6-150x150.jpg\",\"width\":150,\"height\":150}},{\"src\":\"http:\\\/\\\/www.musicosalimonda.com.br\\\/wp-content\\\/uploads\\\/2014\\\/04\\\/05-En-R\\u00eave.mp3\",\"type\":\"audio\\\/mpeg\",\"title\":\"F.LISZT - En R\\u00eave\",\"caption\":\"\",\"description\":\"\\\"En R\\u00eave\\\" de Traumerei R\\u00eaverie Sonho por Heitor Alimonda. Faixa 5. G\\u00eanero: M\\u00fasica cl\\u00e1ssica.\",\"meta\":{\"artist\":\"Heitor Alimonda, piano\",\"album\":\"Traumerei R\\u00eaverie Sonho\",\"genre\":\"M\\u00fasica cl\\u00e1ssica\",\"length_formatted\":\"2:19\"},\"image\":{\"src\":\"http:\\\/\\\/www.musicosalimonda.com.br\\\/wp-content\\\/uploads\\\/2014\\\/04\\\/Capas-CD-6.jpg\",\"width\":491,\"height\":487},\"thumb\":{\"src\":\"http:\\\/\\\/www.musicosalimonda.com.br\\\/wp-content\\\/uploads\\\/2014\\\/04\\\/Capas-CD-6-150x150.jpg\",\"width\":150,\"height\":150}},{\"src\":\"http:\\\/\\\/www.musicosalimonda.com.br\\\/wp-content\\\/uploads\\\/2014\\\/04\\\/06-Traumerei-op.-9-n.4.mp3\",\"type\":\"audio\\\/mpeg\",\"title\":\"R.STAUSS - Traumerei op. 9 n.4\",\"caption\":\"\",\"description\":\"\\\"Traumerei op. 9 n.4\\\" de Traumerei R\\u00eaverie Sonho por Heitor Alimonda. Faixa 6. G\\u00eanero: M\\u00fasica cl\\u00e1ssica.\",\"meta\":{\"artist\":\"Heitor Alimonda, piano\",\"album\":\"Traumerei R\\u00eaverie Sonho\",\"genre\":\"M\\u00fasica cl\\u00e1ssica\",\"length_formatted\":\"3:04\"},\"image\":{\"src\":\"http:\\\/\\\/www.musicosalimonda.com.br\\\/wp-content\\\/uploads\\\/2014\\\/04\\\/Capas-CD-6.jpg\",\"width\":491,\"height\":487},\"thumb\":{\"src\":\"http:\\\/\\\/www.musicosalimonda.com.br\\\/wp-content\\\/uploads\\\/2014\\\/04\\\/Capas-CD-6-150x150.jpg\",\"width\":150,\"height\":150}},{\"src\":\"http:\\\/\\\/www.musicosalimonda.com.br\\\/wp-content\\\/uploads\\\/2014\\\/04\\\/07-Traumeswirren.mp3\",\"type\":\"audio\\\/mpeg\",\"title\":\"R.SCHUMANN - Traumeswirren (confus\\u00e3o de um sonho)\",\"caption\":\"\",\"description\":\"\\\"Traumeswirren\\\" de Traumerei R\\u00eaverie Sonho por Heitor Alimonda. Faixa 7. G\\u00eanero: M\\u00fasica cl\\u00e1ssica.\",\"meta\":{\"artist\":\"Heitor Alimonda, piano\",\"album\":\"Traumerei R\\u00eaverie Sonho\",\"genre\":\"M\\u00fasica cl\\u00e1ssica\",\"length_formatted\":\"2:47\"},\"image\":{\"src\":\"http:\\\/\\\/www.musicosalimonda.com.br\\\/wp-content\\\/uploads\\\/2014\\\/04\\\/Capas-CD-6.jpg\",\"width\":491,\"height\":487},\"thumb\":{\"src\":\"http:\\\/\\\/www.musicosalimonda.com.br\\\/wp-content\\\/uploads\\\/2014\\\/04\\\/Capas-CD-6-150x150.jpg\",\"width\":150,\"height\":150}},{\"src\":\"http:\\\/\\\/www.musicosalimonda.com.br\\\/wp-content\\\/uploads\\\/2014\\\/04\\\/08-n.1-em-l\\u00e1-bemol-maior.mp3\",\"type\":\"audio\\\/mpeg\",\"title\":\"F.LISZT Libestraume - n.1 em l\\u00e1 bemol maior\",\"caption\":\"\",\"description\":\"\\\"n.1 em l\\u00e1 bemol maior\\\" de Traumerei R\\u00eaverie Sonho por Heitor Alimonda. Faixa 8. G\\u00eanero: M\\u00fasica cl\\u00e1ssica.\",\"meta\":{\"artist\":\"Heitor Alimonda, piano\",\"album\":\"Traumerei R\\u00eaverie Sonho\",\"genre\":\"M\\u00fasica cl\\u00e1ssica\",\"length_formatted\":\"6:28\"},\"image\":{\"src\":\"http:\\\/\\\/www.musicosalimonda.com.br\\\/wp-content\\\/uploads\\\/2014\\\/04\\\/Capas-CD-6.jpg\",\"width\":491,\"height\":487},\"thumb\":{\"src\":\"http:\\\/\\\/www.musicosalimonda.com.br\\\/wp-content\\\/uploads\\\/2014\\\/04\\\/Capas-CD-6-150x150.jpg\",\"width\":150,\"height\":150}},{\"src\":\"http:\\\/\\\/www.musicosalimonda.com.br\\\/wp-content\\\/uploads\\\/2014\\\/04\\\/09-n.-2-em-m\\u00ed-maior.mp3\",\"type\":\"audio\\\/mpeg\",\"title\":\"F.LISZT Libestraume - n. 2 em m\\u00ed maior\",\"caption\":\"\",\"description\":\"\\\"n. 2 em m\\u00ed maior\\\" de Traumerei R\\u00eaverie Sonho por Heitor Alimonda. Faixa 9. G\\u00eanero: M\\u00fasica cl\\u00e1ssica.\",\"meta\":{\"artist\":\"Heitor Alimonda, piano\",\"album\":\"Traumerei R\\u00eaverie Sonho\",\"genre\":\"M\\u00fasica cl\\u00e1ssica\",\"length_formatted\":\"4:51\"},\"image\":{\"src\":\"http:\\\/\\\/www.musicosalimonda.com.br\\\/wp-content\\\/uploads\\\/2014\\\/04\\\/Capas-CD-6.jpg\",\"width\":491,\"height\":487},\"thumb\":{\"src\":\"http:\\\/\\\/www.musicosalimonda.com.br\\\/wp-content\\\/uploads\\\/2014\\\/04\\\/Capas-CD-6-150x150.jpg\",\"width\":150,\"height\":150}},{\"src\":\"http:\\\/\\\/www.musicosalimonda.com.br\\\/wp-content\\\/uploads\\\/2014\\\/04\\\/10-n.-3-em-l\\u00e1-bemol-maior.mp3\",\"type\":\"audio\\\/mpeg\",\"title\":\"F.LISZT Libestraume - n. 3 em l\\u00e1 bemol maior\",\"caption\":\"\",\"description\":\"\\\"n. 3 em l\\u00e1 bemol maior\\\" de Traumerei R\\u00eaverie Sonho por Heitor Alimonda. Faixa 10. G\\u00eanero: M\\u00fasica cl\\u00e1ssica.\",\"meta\":{\"artist\":\"Heitor Alimonda, piano\",\"album\":\"Traumerei R\\u00eaverie Sonho\",\"genre\":\"M\\u00fasica cl\\u00e1ssica\",\"length_formatted\":\"5:01\"},\"image\":{\"src\":\"http:\\\/\\\/www.musicosalimonda.com.br\\\/wp-content\\\/uploads\\\/2014\\\/04\\\/Capas-CD-6.jpg\",\"width\":491,\"height\":487},\"thumb\":{\"src\":\"http:\\\/\\\/www.musicosalimonda.com.br\\\/wp-content\\\/uploads\\\/2014\\\/04\\\/Capas-CD-6-150x150.jpg\",\"width\":150,\"height\":150}},{\"src\":\"http:\\\/\\\/www.musicosalimonda.com.br\\\/wp-content\\\/uploads\\\/2014\\\/04\\\/11-La-R\\u00eaveuse.mp3\",\"type\":\"audio\\\/mpeg\",\"title\":\"M.MARAIS - La R\\u00eaveuse\",\"caption\":\"\",\"description\":\"\\\"La R\\u00eaveuse\\\" de Traumerei R\\u00eaverie Sonho por Heitor Alimonda. Faixa 11. G\\u00eanero: M\\u00fasica cl\\u00e1ssica.\",\"meta\":{\"artist\":\"Heitor Alimonda, piano\",\"album\":\"Traumerei R\\u00eaverie Sonho\",\"genre\":\"M\\u00fasica cl\\u00e1ssica\",\"length_formatted\":\"3:42\"},\"image\":{\"src\":\"http:\\\/\\\/www.musicosalimonda.com.br\\\/wp-content\\\/uploads\\\/2014\\\/04\\\/Capas-CD-6.jpg\",\"width\":491,\"height\":487},\"thumb\":{\"src\":\"http:\\\/\\\/www.musicosalimonda.com.br\\\/wp-content\\\/uploads\\\/2014\\\/04\\\/Capas-CD-6-150x150.jpg\",\"width\":150,\"height\":150}},{\"src\":\"http:\\\/\\\/www.musicosalimonda.com.br\\\/wp-content\\\/uploads\\\/2014\\\/04\\\/12-R\\u00eaverie.mp3\",\"type\":\"audio\\\/mpeg\",\"title\":\"C.DEBUSSY - R\\u00eaverie\",\"caption\":\"\",\"description\":\"\\\"R\\u00eaverie\\\" de Traumerei R\\u00eaverie Sonho por Heitor Alimonda. Faixa 12. G\\u00eanero: M\\u00fasica cl\\u00e1ssica.\",\"meta\":{\"artist\":\"Heitor Alimonda, piano\",\"album\":\"Traumerei R\\u00eaverie Sonho\",\"genre\":\"M\\u00fasica cl\\u00e1ssica\",\"length_formatted\":\"4:39\"},\"image\":{\"src\":\"http:\\\/\\\/www.musicosalimonda.com.br\\\/wp-content\\\/uploads\\\/2014\\\/04\\\/Capas-CD-6.jpg\",\"width\":491,\"height\":487},\"thumb\":{\"src\":\"http:\\\/\\\/www.musicosalimonda.com.br\\\/wp-content\\\/uploads\\\/2014\\\/04\\\/Capas-CD-6-150x150.jpg\",\"width\":150,\"height\":150}}]}<\/script>\n<\/div>\n\t\n<div class=\"wp-playlist wp-audio-playlist wp-playlist-light\">\n\t\t\t<div class=\"wp-playlist-current-item\"><\/div>\n\t\t<audio controls=\"controls\" preload=\"none\" width=\"640\"\n\t\t\t><\/audio>\n\t<div class=\"wp-playlist-next\"><\/div>\n\t<div class=\"wp-playlist-prev\"><\/div>\n\t<noscript>\n\t<ol>\n\t\t<li><a href='http:\/\/www.musicosalimonda.com.br\/wp-content\/uploads\/2014\/04\/01-Faixa-1.mp3'>concerto em d\u00f3 maior para 2 pianos e cordas - allegro<\/a><\/li><li><a href='http:\/\/www.musicosalimonda.com.br\/wp-content\/uploads\/2014\/04\/02-Faixa-2.mp3'>concerto em d\u00f3 maior para 2 pianos e cordas - adagio ovvero largo<\/a><\/li><li><a href='http:\/\/www.musicosalimonda.com.br\/wp-content\/uploads\/2014\/04\/03-Faixa-3.mp3'>concerto em d\u00f3 maior para 2 pianos e cordas - allegro<\/a><\/li><li><a href='http:\/\/www.musicosalimonda.com.br\/wp-content\/uploads\/2014\/04\/04-Faixa-4.mp3'>concerto em r\u00e9 menor para 3 pianos e cordas - allegro<\/a><\/li><li><a href='http:\/\/www.musicosalimonda.com.br\/wp-content\/uploads\/2014\/04\/05-Faixa-5.mp3'>concerto em r\u00e9 menor para 3 pianos e cordas - alla siciliana<\/a><\/li><li><a href='http:\/\/www.musicosalimonda.com.br\/wp-content\/uploads\/2014\/04\/06-Faixa-6.mp3'>concerto em r\u00e9 menor para 3 pianos e cordas - allegro<\/a><\/li><li><a href='http:\/\/www.musicosalimonda.com.br\/wp-content\/uploads\/2014\/04\/07-Faixa-7.mp3'>concerto em l\u00e1 menor para 4 pianos e cordas - allegro<\/a><\/li><li><a href='http:\/\/www.musicosalimonda.com.br\/wp-content\/uploads\/2014\/04\/08-Faixa-8.mp3'>concerto em l\u00e1 menor para 4 pianos e cordas - largo<\/a><\/li><li><a href='http:\/\/www.musicosalimonda.com.br\/wp-content\/uploads\/2014\/04\/09-Faixa-9.mp3'>concerto em l\u00e1 menor para 4 pianos e cordas - allegro<\/a><\/li>\t<\/ol>\n\t<\/noscript>\n\t<script type=\"application\/json\" class=\"wp-playlist-script\">{\"type\":\"audio\",\"tracklist\":true,\"tracknumbers\":true,\"images\":true,\"artists\":false,\"tracks\":[{\"src\":\"http:\\\/\\\/www.musicosalimonda.com.br\\\/wp-content\\\/uploads\\\/2014\\\/04\\\/01-Faixa-1.mp3\",\"type\":\"audio\\\/mpeg\",\"title\":\"concerto em d\\u00f3 maior para 2 pianos e cordas - allegro\",\"caption\":\"\",\"description\":\"\\\"Faixa 1\\\" de Concertos Para Pianos e Cordas por Heitor Alimonda. Faixa 1.\",\"meta\":{\"artist\":\"Heitor Alimonda, Esther Naiberger\",\"album\":\"Concertos Para Pianos e Cordas - Johan Sebastian Bach\",\"length_formatted\":\"8:39\"},\"image\":{\"src\":\"http:\\\/\\\/www.musicosalimonda.com.br\\\/wp-content\\\/uploads\\\/2014\\\/04\\\/Capas-CD-9.jpg\",\"width\":491,\"height\":488},\"thumb\":{\"src\":\"http:\\\/\\\/www.musicosalimonda.com.br\\\/wp-content\\\/uploads\\\/2014\\\/04\\\/Capas-CD-9-150x150.jpg\",\"width\":150,\"height\":150}},{\"src\":\"http:\\\/\\\/www.musicosalimonda.com.br\\\/wp-content\\\/uploads\\\/2014\\\/04\\\/02-Faixa-2.mp3\",\"type\":\"audio\\\/mpeg\",\"title\":\"concerto em d\\u00f3 maior para 2 pianos e cordas - adagio ovvero largo\",\"caption\":\"\",\"description\":\"\\\"Faixa 2\\\" de Concertos Para Pianos e Cordas por Heitor Alimonda. Faixa 2.\",\"meta\":{\"artist\":\"Heitor Alimonda, Esther Naiberger\",\"album\":\"Concertos Para Pianos e Cordas - Johan Sebastian Bach\",\"length_formatted\":\"4:25\"},\"image\":{\"src\":\"http:\\\/\\\/www.musicosalimonda.com.br\\\/wp-content\\\/uploads\\\/2014\\\/04\\\/Capas-CD-9.jpg\",\"width\":491,\"height\":488},\"thumb\":{\"src\":\"http:\\\/\\\/www.musicosalimonda.com.br\\\/wp-content\\\/uploads\\\/2014\\\/04\\\/Capas-CD-9-150x150.jpg\",\"width\":150,\"height\":150}},{\"src\":\"http:\\\/\\\/www.musicosalimonda.com.br\\\/wp-content\\\/uploads\\\/2014\\\/04\\\/03-Faixa-3.mp3\",\"type\":\"audio\\\/mpeg\",\"title\":\"concerto em d\\u00f3 maior para 2 pianos e cordas - allegro\",\"caption\":\"\",\"description\":\"\\\"Faixa 3\\\" de Concertos Para Pianos e Cordas por Heitor Alimonda. Faixa 3.\",\"meta\":{\"artist\":\"Heitor Alimonda, Esther Naiberger\",\"album\":\"Concertos Para Pianos e Cordas - Johan Sebastian Bach\",\"length_formatted\":\"6:15\"},\"image\":{\"src\":\"http:\\\/\\\/www.musicosalimonda.com.br\\\/wp-content\\\/uploads\\\/2014\\\/04\\\/Capas-CD-9.jpg\",\"width\":491,\"height\":488},\"thumb\":{\"src\":\"http:\\\/\\\/www.musicosalimonda.com.br\\\/wp-content\\\/uploads\\\/2014\\\/04\\\/Capas-CD-9-150x150.jpg\",\"width\":150,\"height\":150}},{\"src\":\"http:\\\/\\\/www.musicosalimonda.com.br\\\/wp-content\\\/uploads\\\/2014\\\/04\\\/04-Faixa-4.mp3\",\"type\":\"audio\\\/mpeg\",\"title\":\"concerto em r\\u00e9 menor para 3 pianos e cordas - allegro\",\"caption\":\"\",\"description\":\"\\\"Faixa 4\\\" de Concertos Para Pianos e Cordas por Heitor Alimonda. Faixa 4.\",\"meta\":{\"artist\":\"Heitor Alimonda, Sonia Maria Vieira, M.Helena Andrade\",\"album\":\"Concertos Para Pianos e Cordas - Johan Sebastian Bach\",\"length_formatted\":\"6:34\"},\"image\":{\"src\":\"http:\\\/\\\/www.musicosalimonda.com.br\\\/wp-content\\\/uploads\\\/2014\\\/04\\\/Capas-CD-9.jpg\",\"width\":491,\"height\":488},\"thumb\":{\"src\":\"http:\\\/\\\/www.musicosalimonda.com.br\\\/wp-content\\\/uploads\\\/2014\\\/04\\\/Capas-CD-9-150x150.jpg\",\"width\":150,\"height\":150}},{\"src\":\"http:\\\/\\\/www.musicosalimonda.com.br\\\/wp-content\\\/uploads\\\/2014\\\/04\\\/05-Faixa-5.mp3\",\"type\":\"audio\\\/mpeg\",\"title\":\"concerto em r\\u00e9 menor para 3 pianos e cordas - alla siciliana\",\"caption\":\"\",\"description\":\"\\\"Faixa 5\\\" de Concertos Para Pianos e Cordas por Heitor Alimonda. Faixa 5.\",\"meta\":{\"artist\":\"Heitor Alimonda, Sonia Maria Vieira, M.Helena Andrade\",\"album\":\"Concertos Para Pianos e Cordas - Johan Sebastian Bach\",\"length_formatted\":\"4:18\"},\"image\":{\"src\":\"http:\\\/\\\/www.musicosalimonda.com.br\\\/wp-content\\\/uploads\\\/2014\\\/04\\\/Capas-CD-9.jpg\",\"width\":491,\"height\":488},\"thumb\":{\"src\":\"http:\\\/\\\/www.musicosalimonda.com.br\\\/wp-content\\\/uploads\\\/2014\\\/04\\\/Capas-CD-9-150x150.jpg\",\"width\":150,\"height\":150}},{\"src\":\"http:\\\/\\\/www.musicosalimonda.com.br\\\/wp-content\\\/uploads\\\/2014\\\/04\\\/06-Faixa-6.mp3\",\"type\":\"audio\\\/mpeg\",\"title\":\"concerto em r\\u00e9 menor para 3 pianos e cordas - allegro\",\"caption\":\"\",\"description\":\"\\\"Faixa 6\\\" de Concertos Para Pianos e Cordas por Heitor Alimonda. Faixa 6.\",\"meta\":{\"artist\":\"Heitor Alimonda, Sonia Maria Vieira, M.Helena Andrade\",\"album\":\"Concertos Para Pianos e Cordas - Johan Sebastian Bach\",\"length_formatted\":\"5:59\"},\"image\":{\"src\":\"http:\\\/\\\/www.musicosalimonda.com.br\\\/wp-content\\\/uploads\\\/2014\\\/04\\\/Capas-CD-9.jpg\",\"width\":491,\"height\":488},\"thumb\":{\"src\":\"http:\\\/\\\/www.musicosalimonda.com.br\\\/wp-content\\\/uploads\\\/2014\\\/04\\\/Capas-CD-9-150x150.jpg\",\"width\":150,\"height\":150}},{\"src\":\"http:\\\/\\\/www.musicosalimonda.com.br\\\/wp-content\\\/uploads\\\/2014\\\/04\\\/07-Faixa-7.mp3\",\"type\":\"audio\\\/mpeg\",\"title\":\"concerto em l\\u00e1 menor para 4 pianos e cordas - allegro\",\"caption\":\"\",\"description\":\"\\\"Faixa 7\\\" de Concertos Para Pianos e Cordas por Heitor Alimonda. Faixa 7.\",\"meta\":{\"artist\":\"Heitor Alimonda, Esther Naiberger, Sonia M. Vieria, M. Helena Andrade\",\"album\":\"Concertos Para Pianos e Cordas - Johan Sebastian Bach\",\"length_formatted\":\"4:40\"},\"image\":{\"src\":\"http:\\\/\\\/www.musicosalimonda.com.br\\\/wp-content\\\/uploads\\\/2014\\\/04\\\/Capas-CD-9.jpg\",\"width\":491,\"height\":488},\"thumb\":{\"src\":\"http:\\\/\\\/www.musicosalimonda.com.br\\\/wp-content\\\/uploads\\\/2014\\\/04\\\/Capas-CD-9-150x150.jpg\",\"width\":150,\"height\":150}},{\"src\":\"http:\\\/\\\/www.musicosalimonda.com.br\\\/wp-content\\\/uploads\\\/2014\\\/04\\\/08-Faixa-8.mp3\",\"type\":\"audio\\\/mpeg\",\"title\":\"concerto em l\\u00e1 menor para 4 pianos e cordas - largo\",\"caption\":\"\",\"description\":\"\\\"Faixa 8\\\" de Concertos Para Pianos e Cordas por Heitor Alimonda. Faixa 8.\",\"meta\":{\"artist\":\"Heitor Alimonda, Esther Naiberger, Sonia M. Vieria, M. Helena Andrade\",\"album\":\"Concertos Para Pianos e Cordas - Johan Sebastian Bach\",\"length_formatted\":\"3:31\"},\"image\":{\"src\":\"http:\\\/\\\/www.musicosalimonda.com.br\\\/wp-content\\\/uploads\\\/2014\\\/04\\\/Capas-CD-9.jpg\",\"width\":491,\"height\":488},\"thumb\":{\"src\":\"http:\\\/\\\/www.musicosalimonda.com.br\\\/wp-content\\\/uploads\\\/2014\\\/04\\\/Capas-CD-9-150x150.jpg\",\"width\":150,\"height\":150}},{\"src\":\"http:\\\/\\\/www.musicosalimonda.com.br\\\/wp-content\\\/uploads\\\/2014\\\/04\\\/09-Faixa-9.mp3\",\"type\":\"audio\\\/mpeg\",\"title\":\"concerto em l\\u00e1 menor para 4 pianos e cordas - allegro\",\"caption\":\"\",\"description\":\"\\\"Faixa 9\\\" de Concertos Para Pianos e Cordas por Heitor Alimonda. Faixa 9.\",\"meta\":{\"artist\":\"Heitor Alimonda, Esther Naiberger, Sonia M. Vieria, M. Helena Andrade\",\"album\":\"Concertos Para Pianos e Cordas - Johan Sebastian Bach\",\"length_formatted\":\"3:45\"},\"image\":{\"src\":\"http:\\\/\\\/www.musicosalimonda.com.br\\\/wp-content\\\/uploads\\\/2014\\\/04\\\/Capas-CD-9.jpg\",\"width\":491,\"height\":488},\"thumb\":{\"src\":\"http:\\\/\\\/www.musicosalimonda.com.br\\\/wp-content\\\/uploads\\\/2014\\\/04\\\/Capas-CD-9-150x150.jpg\",\"width\":150,\"height\":150}}]}<\/script>\n<\/div>\n\t\n<div class=\"wp-playlist wp-audio-playlist wp-playlist-light\">\n\t\t\t<div class=\"wp-playlist-current-item\"><\/div>\n\t\t<audio controls=\"controls\" preload=\"none\" width=\"640\"\n\t\t\t><\/audio>\n\t<div class=\"wp-playlist-next\"><\/div>\n\t<div class=\"wp-playlist-prev\"><\/div>\n\t<noscript>\n\t<ol>\n\t\t<li><a href='http:\/\/www.musicosalimonda.com.br\/wp-content\/uploads\/2014\/04\/01-BALADA-OP-10-N.1-RE-MENOS.mp3'>BALADA OP 10 N.1, RE MENOS<\/a><\/li><li><a href='http:\/\/www.musicosalimonda.com.br\/wp-content\/uploads\/2014\/04\/03-INTERMEZZO-OP-10-N.3-SI-MENOR.mp3'>INTERMEZZO OP 10 N.3, SI MENOR<\/a><\/li><li><a href='http:\/\/www.musicosalimonda.com.br\/wp-content\/uploads\/2014\/04\/02-BALADA-OP-10-N.2-R\u00c9-MENOR.mp3'>BALADA OP 10 N.2, R\u00c9 MENOR<\/a><\/li><li><a href='http:\/\/www.musicosalimonda.com.br\/wp-content\/uploads\/2014\/04\/04-BALADA-OP-10-N.4-SI-MENOR.mp3'>BALADA OP 10 N.4, SI MENOR<\/a><\/li><li><a href='http:\/\/www.musicosalimonda.com.br\/wp-content\/uploads\/2014\/04\/05-VARIA\u00c7OES-E-FUGA-SOBRE-UM-TEMA-DE-HAENDEL-OP-24.mp3'>VARIA\u00c7OES E FUGA SOBRE UM TEMA DE HAENDEL OP 24<\/a><\/li>\t<\/ol>\n\t<\/noscript>\n\t<script type=\"application\/json\" class=\"wp-playlist-script\">{\"type\":\"audio\",\"tracklist\":true,\"tracknumbers\":true,\"images\":true,\"artists\":false,\"tracks\":[{\"src\":\"http:\\\/\\\/www.musicosalimonda.com.br\\\/wp-content\\\/uploads\\\/2014\\\/04\\\/01-BALADA-OP-10-N.1-RE-MENOS.mp3\",\"type\":\"audio\\\/mpeg\",\"title\":\"BALADA OP 10 N.1, RE MENOS\",\"caption\":\"\",\"description\":\"\\\"BALADA OP 10 N.1, RE MENOS\\\" de Johannes Brahms por Heitor Alimonda. Faixa 1.\",\"meta\":{\"artist\":\"Heitor Alimonda\",\"album\":\"Johannes Brahms \\\"SONHO E ESTRUTURA\\\"\",\"length_formatted\":\"4:19\"},\"image\":{\"src\":\"http:\\\/\\\/www.musicosalimonda.com.br\\\/wp-content\\\/uploads\\\/2014\\\/05\\\/Capas-CD-4.jpg\",\"width\":499,\"height\":487},\"thumb\":{\"src\":\"http:\\\/\\\/www.musicosalimonda.com.br\\\/wp-content\\\/uploads\\\/2014\\\/05\\\/Capas-CD-4-150x150.jpg\",\"width\":150,\"height\":150}},{\"src\":\"http:\\\/\\\/www.musicosalimonda.com.br\\\/wp-content\\\/uploads\\\/2014\\\/04\\\/03-INTERMEZZO-OP-10-N.3-SI-MENOR.mp3\",\"type\":\"audio\\\/mpeg\",\"title\":\"INTERMEZZO OP 10 N.3, SI MENOR\",\"caption\":\"\",\"description\":\"\\\"INTERMEZZO OP 10 N.3, SI MENOR\\\" de Johannes Brahms por Heitor Alimonda. Faixa 3.\",\"meta\":{\"artist\":\"Heitor Alimonda\",\"album\":\"Johannes Brahms \\\"SONHO E ESTRUTURA\\\"\",\"length_formatted\":\"3:48\"},\"image\":{\"src\":\"http:\\\/\\\/www.musicosalimonda.com.br\\\/wp-includes\\\/images\\\/media\\\/audio.png\",\"width\":48,\"height\":64},\"thumb\":{\"src\":\"http:\\\/\\\/www.musicosalimonda.com.br\\\/wp-includes\\\/images\\\/media\\\/audio.png\",\"width\":48,\"height\":64}},{\"src\":\"http:\\\/\\\/www.musicosalimonda.com.br\\\/wp-content\\\/uploads\\\/2014\\\/04\\\/02-BALADA-OP-10-N.2-R\\u00c9-MENOR.mp3\",\"type\":\"audio\\\/mpeg\",\"title\":\"BALADA OP 10 N.2, R\\u00c9 MENOR\",\"caption\":\"\",\"description\":\"\\\"BALADA OP 10 N.2, R\\u00c9 MENOR\\\" de Johannes Brahms por Heitor Alimonda. Faixa 2.\",\"meta\":{\"artist\":\"Heitor Alimonda\",\"album\":\"Johannes Brahms \\\"SONHO E ESTRUTURA\\\"\",\"length_formatted\":\"7:08\"},\"image\":{\"src\":\"http:\\\/\\\/www.musicosalimonda.com.br\\\/wp-content\\\/uploads\\\/2014\\\/05\\\/Capas-CD-4.jpg\",\"width\":499,\"height\":487},\"thumb\":{\"src\":\"http:\\\/\\\/www.musicosalimonda.com.br\\\/wp-content\\\/uploads\\\/2014\\\/05\\\/Capas-CD-4-150x150.jpg\",\"width\":150,\"height\":150}},{\"src\":\"http:\\\/\\\/www.musicosalimonda.com.br\\\/wp-content\\\/uploads\\\/2014\\\/04\\\/04-BALADA-OP-10-N.4-SI-MENOR.mp3\",\"type\":\"audio\\\/mpeg\",\"title\":\"BALADA OP 10 N.4, SI MENOR\",\"caption\":\"\",\"description\":\"\\\"BALADA OP 10 N.4, SI MENOR\\\" de Johannes Brahms por Heitor Alimonda. Faixa 4.\",\"meta\":{\"artist\":\"Heitor Alimonda\",\"album\":\"Johannes Brahms\",\"length_formatted\":\"9:52\"},\"image\":{\"src\":\"http:\\\/\\\/www.musicosalimonda.com.br\\\/wp-includes\\\/images\\\/media\\\/audio.png\",\"width\":48,\"height\":64},\"thumb\":{\"src\":\"http:\\\/\\\/www.musicosalimonda.com.br\\\/wp-includes\\\/images\\\/media\\\/audio.png\",\"width\":48,\"height\":64}},{\"src\":\"http:\\\/\\\/www.musicosalimonda.com.br\\\/wp-content\\\/uploads\\\/2014\\\/04\\\/05-VARIA\\u00c7OES-E-FUGA-SOBRE-UM-TEMA-DE-HAENDEL-OP-24.mp3\",\"type\":\"audio\\\/mpeg\",\"title\":\"VARIA\\u00c7OES E FUGA SOBRE UM TEMA DE HAENDEL OP 24\",\"caption\":\"\",\"description\":\"\\\"VARIA\\u00c7OES E FUGA SOBRE UM TEMA DE HAENDEL OP 24\\\" de Johannes Brahms por Heitor Alimonda. Faixa 5.\",\"meta\":{\"artist\":\"Heitor Alimonda\",\"album\":\"Johannes Brahms \\\"SONHO E ESTRUTURA\\\"\",\"length_formatted\":\"28:51\"},\"image\":{\"src\":\"http:\\\/\\\/www.musicosalimonda.com.br\\\/wp-includes\\\/images\\\/media\\\/audio.png\",\"width\":48,\"height\":64},\"thumb\":{\"src\":\"http:\\\/\\\/www.musicosalimonda.com.br\\\/wp-includes\\\/images\\\/media\\\/audio.png\",\"width\":48,\"height\":64}}]}<\/script>\n<\/div>\n\t\n<div class=\"wp-playlist wp-audio-playlist wp-playlist-light\">\n\t\t\t<div class=\"wp-playlist-current-item\"><\/div>\n\t\t<audio controls=\"controls\" preload=\"none\" width=\"640\"\n\t\t\t><\/audio>\n\t<div class=\"wp-playlist-next\"><\/div>\n\t<div class=\"wp-playlist-prev\"><\/div>\n\t<noscript>\n\t<ol>\n\t\t<li><a href='http:\/\/www.musicosalimonda.com.br\/wp-content\/uploads\/2014\/04\/04-Sonatina-n.-3-Andantino.mp3'>Sonatina n. 3 - Andantino<\/a><\/li><li><a href='http:\/\/www.musicosalimonda.com.br\/wp-content\/uploads\/2014\/04\/05-Sonatina-n.-3-Allegretto.mp3'>Sonatina n. 3 - Allegretto<\/a><\/li><li><a href='http:\/\/www.musicosalimonda.com.br\/wp-content\/uploads\/2014\/04\/08-Sonata-n.-1-Moderato.mp3'>Sonata n. 1 - Moderato<\/a><\/li><li><a href='http:\/\/www.musicosalimonda.com.br\/wp-content\/uploads\/2014\/04\/09-Sonata-n.-1-Andantino-Quasi-allegretto.mp3'>Sonata n. 1 - Andantino \/ Quasi allegretto<\/a><\/li><li><a href='http:\/\/www.musicosalimonda.com.br\/wp-content\/uploads\/2014\/04\/10-Sonata-n.-1-Moderato.mp3'>Sonata-n.-1-Moderato<\/a><\/li>\t<\/ol>\n\t<\/noscript>\n\t<script type=\"application\/json\" class=\"wp-playlist-script\">{\"type\":\"audio\",\"tracklist\":true,\"tracknumbers\":true,\"images\":true,\"artists\":false,\"tracks\":[{\"src\":\"http:\\\/\\\/www.musicosalimonda.com.br\\\/wp-content\\\/uploads\\\/2014\\\/04\\\/04-Sonatina-n.-3-Andantino.mp3\",\"type\":\"audio\\\/mpeg\",\"title\":\"Sonatina n. 3 - Andantino\",\"caption\":\"\",\"description\":\"\\\"Sonatina n. 3 - Andantino\\\" de Sonatas e Sonatinas por Heitor Alimonda. Faixa 4.\",\"meta\":{\"artist\":\"Heitor Alimonda, piano\",\"album\":\"Sonatas e Sonatinas - Francisco Mignone\",\"length_formatted\":\"4:16\"},\"image\":{\"src\":\"http:\\\/\\\/www.musicosalimonda.com.br\\\/wp-content\\\/uploads\\\/2014\\\/05\\\/Capas-CD-1.jpg\",\"width\":237,\"height\":235},\"thumb\":{\"src\":\"http:\\\/\\\/www.musicosalimonda.com.br\\\/wp-content\\\/uploads\\\/2014\\\/05\\\/Capas-CD-1-150x150.jpg\",\"width\":150,\"height\":150}},{\"src\":\"http:\\\/\\\/www.musicosalimonda.com.br\\\/wp-content\\\/uploads\\\/2014\\\/04\\\/05-Sonatina-n.-3-Allegretto.mp3\",\"type\":\"audio\\\/mpeg\",\"title\":\"Sonatina n. 3 - Allegretto\",\"caption\":\"\",\"description\":\"\\\"Sonatina n. 3 - Allegretto\\\" de Sonatas e Sonatinas por Heitor Alimonda. Faixa 5.\",\"meta\":{\"artist\":\"Heitor Alimonda, piano\",\"album\":\"Sonatas e Sonatinas - Francisco Mignone\",\"length_formatted\":\"4:58\"},\"image\":{\"src\":\"http:\\\/\\\/www.musicosalimonda.com.br\\\/wp-content\\\/uploads\\\/2014\\\/05\\\/Capas-CD-1.jpg\",\"width\":237,\"height\":235},\"thumb\":{\"src\":\"http:\\\/\\\/www.musicosalimonda.com.br\\\/wp-content\\\/uploads\\\/2014\\\/05\\\/Capas-CD-1-150x150.jpg\",\"width\":150,\"height\":150}},{\"src\":\"http:\\\/\\\/www.musicosalimonda.com.br\\\/wp-content\\\/uploads\\\/2014\\\/04\\\/08-Sonata-n.-1-Moderato.mp3\",\"type\":\"audio\\\/mpeg\",\"title\":\"Sonata n. 1 - Moderato\",\"caption\":\"\",\"description\":\"\\\"Sonata n. 1 - Moderato\\\" de Sonatas e Sonatinas por Heitor Alimonda. Faixa 8.\",\"meta\":{\"artist\":\"Heitor Alimonda, piano\",\"album\":\"Sonatas e Sonatinas - Francisco Mignone\",\"length_formatted\":\"5:11\"},\"image\":{\"src\":\"http:\\\/\\\/www.musicosalimonda.com.br\\\/wp-content\\\/uploads\\\/2014\\\/05\\\/Capas-CD-1.jpg\",\"width\":237,\"height\":235},\"thumb\":{\"src\":\"http:\\\/\\\/www.musicosalimonda.com.br\\\/wp-content\\\/uploads\\\/2014\\\/05\\\/Capas-CD-1-150x150.jpg\",\"width\":150,\"height\":150}},{\"src\":\"http:\\\/\\\/www.musicosalimonda.com.br\\\/wp-content\\\/uploads\\\/2014\\\/04\\\/09-Sonata-n.-1-Andantino-Quasi-allegretto.mp3\",\"type\":\"audio\\\/mpeg\",\"title\":\"Sonata n. 1 - Andantino \\\/ Quasi allegretto\",\"caption\":\"\",\"description\":\"\\\"Sonata n. 1 - Andantino \\\/ Quasi allegretto\\\" de Sonatas e Sonatinas por Heitor Alimonda. Faixa 9.\",\"meta\":{\"artist\":\"Heitor Alimonda, piano\",\"album\":\"Sonatas e Sonatinas - Francisco Mignone\",\"length_formatted\":\"5:11\"},\"image\":{\"src\":\"http:\\\/\\\/www.musicosalimonda.com.br\\\/wp-content\\\/uploads\\\/2014\\\/05\\\/Capas-CD-1.jpg\",\"width\":237,\"height\":235},\"thumb\":{\"src\":\"http:\\\/\\\/www.musicosalimonda.com.br\\\/wp-content\\\/uploads\\\/2014\\\/05\\\/Capas-CD-1-150x150.jpg\",\"width\":150,\"height\":150}},{\"src\":\"http:\\\/\\\/www.musicosalimonda.com.br\\\/wp-content\\\/uploads\\\/2014\\\/04\\\/10-Sonata-n.-1-Moderato.mp3\",\"type\":\"audio\\\/mpeg\",\"title\":\"Sonata-n.-1-Moderato\",\"caption\":\"\",\"description\":\"\",\"meta\":{\"artist\":\"Heitor Alimonda, cravo\",\"album\":\"Sonatas e Sonatinas - Francisco Mignone\",\"genre\":\"G\\u00eanero desconhecido\",\"length_formatted\":\"3:23\"},\"image\":{\"src\":\"http:\\\/\\\/www.musicosalimonda.com.br\\\/wp-content\\\/uploads\\\/2014\\\/05\\\/Capas-CD-1.jpg\",\"width\":237,\"height\":235},\"thumb\":{\"src\":\"http:\\\/\\\/www.musicosalimonda.com.br\\\/wp-content\\\/uploads\\\/2014\\\/05\\\/Capas-CD-1-150x150.jpg\",\"width\":150,\"height\":150}}]}<\/script>\n<\/div>\n\t\n<div class=\"wp-playlist wp-audio-playlist wp-playlist-light\">\n\t\t\t<div class=\"wp-playlist-current-item\"><\/div>\n\t\t<audio controls=\"controls\" preload=\"none\" width=\"640\"\n\t\t\t><\/audio>\n\t<div class=\"wp-playlist-next\"><\/div>\n\t<div class=\"wp-playlist-prev\"><\/div>\n\t<noscript>\n\t<ol>\n\t\t<li><a href='http:\/\/www.musicosalimonda.com.br\/wp-content\/uploads\/2014\/04\/01-Faixa-11.mp3'>TRIO III EM D\u00d3 MAIOR \"FETES RUSTIQUES\"<\/a><\/li><li><a href='http:\/\/www.musicosalimonda.com.br\/wp-content\/uploads\/2014\/04\/02-Faixa-21.mp3'>TRIO SONATA EM L\u00c1 MENOR<\/a><\/li><li><a href='http:\/\/www.musicosalimonda.com.br\/wp-content\/uploads\/2014\/04\/03-Faixa-31.mp3'>CONCERTO \u00c0 4 EM R\u00c9 MAIOR<\/a><\/li><li><a href='http:\/\/www.musicosalimonda.com.br\/wp-content\/uploads\/2014\/04\/04-Faixa-41.mp3'>TRIO SONATA OP. II N.2 EM F\u00c1 MAIOR<\/a><\/li><li><a href='http:\/\/www.musicosalimonda.com.br\/wp-content\/uploads\/2014\/04\/05-Faixa-51.mp3'>SONATA OP.20 N.2 EM R\u00c9 MENOR<\/a><\/li><li><a href='http:\/\/www.musicosalimonda.com.br\/wp-content\/uploads\/2014\/04\/06-Faixa-62.mp3'>TRIO SONATA OP.1 N.10<\/a><\/li>\t<\/ol>\n\t<\/noscript>\n\t<script type=\"application\/json\" class=\"wp-playlist-script\">{\"type\":\"audio\",\"tracklist\":true,\"tracknumbers\":true,\"images\":true,\"artists\":false,\"tracks\":[{\"src\":\"http:\\\/\\\/www.musicosalimonda.com.br\\\/wp-content\\\/uploads\\\/2014\\\/04\\\/01-Faixa-11.mp3\",\"type\":\"audio\\\/mpeg\",\"title\":\"TRIO III EM D\\u00d3 MAIOR \\\"FETES RUSTIQUES\\\"\",\"caption\":\"\",\"description\":\"\\\"Faixa 1\\\" de Conjunto Ars Barroca por Heitor Alimonda, cravo. Faixa 1.\",\"meta\":{\"artist\":\"Heitor Alimonda, cravo - (MONSIEUR NAUDOT)\",\"album\":\"Conjunto Ars Barroca\",\"length_formatted\":\"6:55\"},\"image\":{\"src\":\"http:\\\/\\\/www.musicosalimonda.com.br\\\/wp-content\\\/uploads\\\/2014\\\/05\\\/Capas-CD-2.jpg\",\"width\":253,\"height\":245},\"thumb\":{\"src\":\"http:\\\/\\\/www.musicosalimonda.com.br\\\/wp-content\\\/uploads\\\/2014\\\/05\\\/Capas-CD-2-150x150.jpg\",\"width\":150,\"height\":150}},{\"src\":\"http:\\\/\\\/www.musicosalimonda.com.br\\\/wp-content\\\/uploads\\\/2014\\\/04\\\/02-Faixa-21.mp3\",\"type\":\"audio\\\/mpeg\",\"title\":\"TRIO SONATA EM L\\u00c1 MENOR\",\"caption\":\"\",\"description\":\"\\\"Faixa 2\\\" de Conjunto Ars Barroca por Heitor Alimonda, cravo. Faixa 2.\",\"meta\":{\"artist\":\"Heitor Alimonda, cravo - (J.B.BOISMORTIER)\",\"album\":\"Conjunto Ars Barroca\",\"length_formatted\":\"6:01\"},\"image\":{\"src\":\"http:\\\/\\\/www.musicosalimonda.com.br\\\/wp-content\\\/uploads\\\/2014\\\/05\\\/Capas-CD-2.jpg\",\"width\":253,\"height\":245},\"thumb\":{\"src\":\"http:\\\/\\\/www.musicosalimonda.com.br\\\/wp-content\\\/uploads\\\/2014\\\/05\\\/Capas-CD-2-150x150.jpg\",\"width\":150,\"height\":150}},{\"src\":\"http:\\\/\\\/www.musicosalimonda.com.br\\\/wp-content\\\/uploads\\\/2014\\\/04\\\/03-Faixa-31.mp3\",\"type\":\"audio\\\/mpeg\",\"title\":\"CONCERTO \\u00c0 4 EM R\\u00c9 MAIOR\",\"caption\":\"\",\"description\":\"\\\"Faixa 3\\\" de Conjunto Ars Barroca por Heitor Alimonda, cravo. Faixa 3.\",\"meta\":{\"artist\":\"Heitor Alimonda, cravo - (G.F.HAENDEL)\",\"album\":\"Conjunto Ars Barroca\",\"length_formatted\":\"5:19\"},\"image\":{\"src\":\"http:\\\/\\\/www.musicosalimonda.com.br\\\/wp-content\\\/uploads\\\/2014\\\/05\\\/Capas-CD-2.jpg\",\"width\":253,\"height\":245},\"thumb\":{\"src\":\"http:\\\/\\\/www.musicosalimonda.com.br\\\/wp-content\\\/uploads\\\/2014\\\/05\\\/Capas-CD-2-150x150.jpg\",\"width\":150,\"height\":150}},{\"src\":\"http:\\\/\\\/www.musicosalimonda.com.br\\\/wp-content\\\/uploads\\\/2014\\\/04\\\/04-Faixa-41.mp3\",\"type\":\"audio\\\/mpeg\",\"title\":\"TRIO SONATA OP. II N.2 EM F\\u00c1 MAIOR\",\"caption\":\"\",\"description\":\"\\\"Faixa 4\\\" de Conjunto Ars Barroca por Heitor Alimonda, cravo. Faixa 4.\",\"meta\":{\"artist\":\"Heitor Alimonda, cravo - (J.B.LOEILLET)\",\"album\":\"Conjunto Ars Barroca\",\"length_formatted\":\"7:59\"},\"image\":{\"src\":\"http:\\\/\\\/www.musicosalimonda.com.br\\\/wp-content\\\/uploads\\\/2014\\\/05\\\/Capas-CD-2.jpg\",\"width\":253,\"height\":245},\"thumb\":{\"src\":\"http:\\\/\\\/www.musicosalimonda.com.br\\\/wp-content\\\/uploads\\\/2014\\\/05\\\/Capas-CD-2-150x150.jpg\",\"width\":150,\"height\":150}},{\"src\":\"http:\\\/\\\/www.musicosalimonda.com.br\\\/wp-content\\\/uploads\\\/2014\\\/04\\\/05-Faixa-51.mp3\",\"type\":\"audio\\\/mpeg\",\"title\":\"SONATA OP.20 N.2 EM R\\u00c9 MENOR\",\"caption\":\"\",\"description\":\"\\\"Faixa 5\\\" de Conjunto Ars Barroca por Heitor Alimonda, cravo. Faixa 5.\",\"meta\":{\"artist\":\"Heitor Alimonda, cravo - (M.CORRETTE)\",\"album\":\"Conjunto Ars Barroca\",\"length_formatted\":\"6:49\"},\"image\":{\"src\":\"http:\\\/\\\/www.musicosalimonda.com.br\\\/wp-content\\\/uploads\\\/2014\\\/05\\\/Capas-CD-2.jpg\",\"width\":253,\"height\":245},\"thumb\":{\"src\":\"http:\\\/\\\/www.musicosalimonda.com.br\\\/wp-content\\\/uploads\\\/2014\\\/05\\\/Capas-CD-2-150x150.jpg\",\"width\":150,\"height\":150}},{\"src\":\"http:\\\/\\\/www.musicosalimonda.com.br\\\/wp-content\\\/uploads\\\/2014\\\/04\\\/06-Faixa-62.mp3\",\"type\":\"audio\\\/mpeg\",\"title\":\"TRIO SONATA OP.1 N.10\",\"caption\":\"\",\"description\":\"\\\"Faixa 6\\\" de Conjunto Ars Barroca por Heitor Alimonda, cravo. Faixa 6.\",\"meta\":{\"artist\":\"Heitor Alimonda, cravo - (T.ALBINONI)\",\"album\":\"Conjunto Ars Barroca\",\"length_formatted\":\"7:30\"},\"image\":{\"src\":\"http:\\\/\\\/www.musicosalimonda.com.br\\\/wp-content\\\/uploads\\\/2014\\\/05\\\/Capas-CD-2.jpg\",\"width\":253,\"height\":245},\"thumb\":{\"src\":\"http:\\\/\\\/www.musicosalimonda.com.br\\\/wp-content\\\/uploads\\\/2014\\\/05\\\/Capas-CD-2-150x150.jpg\",\"width\":150,\"height\":150}}]}<\/script>\n<\/div>\n\t\n<div class=\"wp-playlist wp-audio-playlist wp-playlist-light\">\n\t\t\t<div class=\"wp-playlist-current-item\"><\/div>\n\t\t<audio controls=\"controls\" preload=\"none\" width=\"640\"\n\t\t\t><\/audio>\n\t<div class=\"wp-playlist-next\"><\/div>\n\t<div class=\"wp-playlist-prev\"><\/div>\n\t<noscript>\n\t<ol>\n\t\t<li><a href='http:\/\/www.musicosalimonda.com.br\/wp-content\/uploads\/2014\/04\/04-heitor-alimonda-um-pouco-animado-e-afetuoso.mp3'>Um pouco animado e afetuoso (Heitor Alimonda)<\/a><\/li><li><a href='http:\/\/www.musicosalimonda.com.br\/wp-content\/uploads\/2014\/04\/05-andante-com-novidades.mp3'>Andante com novidades (Heitor Alimonda)<\/a><\/li><li><a href='http:\/\/www.musicosalimonda.com.br\/wp-content\/uploads\/2014\/04\/06-scherzo-bem-animado.mp3'>Scherzo - bem animado (Heitor Alimonda)<\/a><\/li><li><a href='http:\/\/www.musicosalimonda.com.br\/wp-content\/uploads\/2014\/04\/07-final-presto.mp3'>Final - presto (Heitor Alimonda)<\/a><\/li>\t<\/ol>\n\t<\/noscript>\n\t<script type=\"application\/json\" class=\"wp-playlist-script\">{\"type\":\"audio\",\"tracklist\":true,\"tracknumbers\":true,\"images\":true,\"artists\":false,\"tracks\":[{\"src\":\"http:\\\/\\\/www.musicosalimonda.com.br\\\/wp-content\\\/uploads\\\/2014\\\/04\\\/04-heitor-alimonda-um-pouco-animado-e-afetuoso.mp3\",\"type\":\"audio\\\/mpeg\",\"title\":\"Um pouco animado e afetuoso (Heitor Alimonda)\",\"caption\":\"\",\"description\":\"\\\"heitor alimonda - um pouco animado e afetuoso\\\" de Guerra-eixe e Heitor Alimonda por trio da radio mec. Faixa 4. G\\u00eanero: Brasileira.\",\"meta\":{\"artist\":\"A. Zlatopolsky, violino - I. Gomes Grosso, violoncelo - A. Bocchino, piano\",\"album\":\"Guerra-Peixe e Heitor Alimonda - Trio da Radio Mec\",\"genre\":\"Brasileira\",\"length_formatted\":\"4:04\"},\"image\":{\"src\":\"http:\\\/\\\/www.musicosalimonda.com.br\\\/wp-content\\\/uploads\\\/2014\\\/05\\\/guerra-peixe.jpg\",\"width\":400,\"height\":400},\"thumb\":{\"src\":\"http:\\\/\\\/www.musicosalimonda.com.br\\\/wp-content\\\/uploads\\\/2014\\\/05\\\/guerra-peixe-150x150.jpg\",\"width\":150,\"height\":150}},{\"src\":\"http:\\\/\\\/www.musicosalimonda.com.br\\\/wp-content\\\/uploads\\\/2014\\\/04\\\/05-andante-com-novidades.mp3\",\"type\":\"audio\\\/mpeg\",\"title\":\"Andante com novidades (Heitor Alimonda)\",\"caption\":\"\",\"description\":\"\\\"andante com novidades\\\" de Guerra-eixe e Heitor Alimonda por trio da radio mec. Faixa 5. G\\u00eanero: Brasileira.\",\"meta\":{\"artist\":\"A. Zlatopolsky, violino - I. Gomes Grosso, violoncelo - A. Bocchino, piano\",\"album\":\"Guerra-Peixe e Heitor Alimonda - Trio da Radio Mec\",\"genre\":\"Brasileira\",\"length_formatted\":\"3:29\"},\"image\":{\"src\":\"http:\\\/\\\/www.musicosalimonda.com.br\\\/wp-content\\\/uploads\\\/2014\\\/05\\\/guerra-peixe.jpg\",\"width\":400,\"height\":400},\"thumb\":{\"src\":\"http:\\\/\\\/www.musicosalimonda.com.br\\\/wp-content\\\/uploads\\\/2014\\\/05\\\/guerra-peixe-150x150.jpg\",\"width\":150,\"height\":150}},{\"src\":\"http:\\\/\\\/www.musicosalimonda.com.br\\\/wp-content\\\/uploads\\\/2014\\\/04\\\/06-scherzo-bem-animado.mp3\",\"type\":\"audio\\\/mpeg\",\"title\":\"Scherzo - bem animado (Heitor Alimonda)\",\"caption\":\"\",\"description\":\"\\\"scherzo - bem animado\\\" de Guerra-eixe e Heitor Alimonda por trio da radio mec. Faixa 6. G\\u00eanero: Brasileira.\",\"meta\":{\"artist\":\"A. Zlatopolsky, violino - I. Gomes Grosso, violoncelo - A. Bocchino, piano\",\"album\":\"Guerra-Peixe e Heitor Alimonda - Trio da Radio Mec\",\"genre\":\"Brasileira\",\"length_formatted\":\"6:07\"},\"image\":{\"src\":\"http:\\\/\\\/www.musicosalimonda.com.br\\\/wp-content\\\/uploads\\\/2014\\\/05\\\/guerra-peixe.jpg\",\"width\":400,\"height\":400},\"thumb\":{\"src\":\"http:\\\/\\\/www.musicosalimonda.com.br\\\/wp-content\\\/uploads\\\/2014\\\/05\\\/guerra-peixe-150x150.jpg\",\"width\":150,\"height\":150}},{\"src\":\"http:\\\/\\\/www.musicosalimonda.com.br\\\/wp-content\\\/uploads\\\/2014\\\/04\\\/07-final-presto.mp3\",\"type\":\"audio\\\/mpeg\",\"title\":\"Final - presto (Heitor Alimonda)\",\"caption\":\"\",\"description\":\"\\\"final - presto\\\" de Guerra-eixe e Heitor Alimonda por trio da radio mec. Faixa 7. G\\u00eanero: Brasileira.\",\"meta\":{\"artist\":\"A. Zlatopolsky, violino - I. Gomes Grosso, violoncelo - A. Bocchino, piano\",\"album\":\"Guerra-Peixe e Heitor Alimonda - Trio da Radio Mec\",\"genre\":\"Brasileira\",\"length_formatted\":\"4:17\"},\"image\":{\"src\":\"http:\\\/\\\/www.musicosalimonda.com.br\\\/wp-content\\\/uploads\\\/2014\\\/05\\\/guerra-peixe.jpg\",\"width\":400,\"height\":400},\"thumb\":{\"src\":\"http:\\\/\\\/www.musicosalimonda.com.br\\\/wp-content\\\/uploads\\\/2014\\\/05\\\/guerra-peixe-150x150.jpg\",\"width\":150,\"height\":150}}]}<\/script>\n<\/div>\n\t\n<div class=\"wp-playlist wp-audio-playlist wp-playlist-light\">\n\t\t\t<div class=\"wp-playlist-current-item\"><\/div>\n\t\t<audio controls=\"controls\" preload=\"none\" width=\"640\"\n\t\t\t><\/audio>\n\t<div class=\"wp-playlist-next\"><\/div>\n\t<div class=\"wp-playlist-prev\"><\/div>\n\t<noscript>\n\t<ol>\n\t\t<li><a href='http:\/\/www.musicosalimonda.com.br\/wp-content\/uploads\/2014\/04\/01-Faixa-12.mp3'>G.PH.TELEMANN - TRIO SONATA R\u00c9 MENOR - Andante<\/a><\/li><li><a href='http:\/\/www.musicosalimonda.com.br\/wp-content\/uploads\/2014\/04\/02-Faixa-22.mp3'>G.PH.TELEMANN - TRIO SONATA R\u00c9 MENOR - Vivace<\/a><\/li><li><a href='http:\/\/www.musicosalimonda.com.br\/wp-content\/uploads\/2014\/04\/03-Faixa-32.mp3'>G.PH.TELEMANN - TRIO SONATA R\u00c9 MENOR - Adagio - Allegro<\/a><\/li><li><a href='http:\/\/www.musicosalimonda.com.br\/wp-content\/uploads\/2014\/04\/04-Faixa-42.mp3'>J.S.BACH - TRIO SONATA EM D\u00d3 MAIOR - Adagio<\/a><\/li><li><a href='http:\/\/www.musicosalimonda.com.br\/wp-content\/uploads\/2014\/04\/05-Faixa-52.mp3'>J.S.BACH - TRIO SONATA EM D\u00d3 MAIOR - Alla breve<\/a><\/li><li><a href='http:\/\/www.musicosalimonda.com.br\/wp-content\/uploads\/2014\/04\/06-Faixa-63.mp3'>J.S.BACH - TRIO SONATA EM D\u00d3 MAIOR - Largo<\/a><\/li><li><a href='http:\/\/www.musicosalimonda.com.br\/wp-content\/uploads\/2014\/04\/07-Faixa-71.mp3'>J.S.BACH - TRIO SONATA EM D\u00d3 MAIOR - Giga<\/a><\/li><li><a href='http:\/\/www.musicosalimonda.com.br\/wp-content\/uploads\/2014\/04\/08-Faixa-81.mp3'>J.M.LECLAIR - DEUXI\u00c8ME R\u00c9CR\u00c9ATION DE MUSIQUE Op. 8 - Ouverture<\/a><\/li><li><a href='http:\/\/www.musicosalimonda.com.br\/wp-content\/uploads\/2014\/04\/09-Faixa-91.mp3'>J.M.LECLAIR - DEUXI\u00c8ME R\u00c9CR\u00c9ATION DE MUSIQUE Op. 8 - Forlane<\/a><\/li><li><a href='http:\/\/www.musicosalimonda.com.br\/wp-content\/uploads\/2014\/04\/10-Faixa-10.mp3'>J.M.LECLAIR - DEUXI\u00c8ME R\u00c9CR\u00c9ATION DE MUSIQUE Op. 8 - Sarabande<\/a><\/li><li><a href='http:\/\/www.musicosalimonda.com.br\/wp-content\/uploads\/2014\/04\/11-Faixa-11.mp3'>J.M.LECLAIR - DEUXI\u00c8ME R\u00c9CR\u00c9ATION DE MUSIQUE Op. 8 - Tambourim<\/a><\/li><li><a href='http:\/\/www.musicosalimonda.com.br\/wp-content\/uploads\/2014\/04\/12-Faixa-12.mp3'>J.M.LECLAIR - DEUXI\u00c8ME R\u00c9CR\u00c9ATION DE MUSIQUE Op. 8 - Autre Tambourin<\/a><\/li><li><a href='http:\/\/www.musicosalimonda.com.br\/wp-content\/uploads\/2014\/04\/13-Faixa-13.mp3'>J.M.LECLAIR - DEUXI\u00c8ME R\u00c9CR\u00c9ATION DE MUSIQUE Op. 8 - Menuet - Autre Menuet<\/a><\/li><li><a href='http:\/\/www.musicosalimonda.com.br\/wp-content\/uploads\/2014\/04\/14-Faixa-14.mp3'>J.M.LECLAIR - DEUXI\u00c8ME R\u00c9CR\u00c9ATION DE MUSIQUE Op. 8 - Badinage - Chaconne<\/a><\/li>\t<\/ol>\n\t<\/noscript>\n\t<script type=\"application\/json\" class=\"wp-playlist-script\">{\"type\":\"audio\",\"tracklist\":true,\"tracknumbers\":true,\"images\":true,\"artists\":false,\"tracks\":[{\"src\":\"http:\\\/\\\/www.musicosalimonda.com.br\\\/wp-content\\\/uploads\\\/2014\\\/04\\\/01-Faixa-12.mp3\",\"type\":\"audio\\\/mpeg\",\"title\":\"G.PH.TELEMANN - TRIO SONATA R\\u00c9 MENOR - Andante\",\"caption\":\"\",\"description\":\"\",\"meta\":{\"artist\":\"C.Woltzenlogel, flauta - P.Nardi, obo\\u00e9 - A.G.Vicente, violoncelo - H.Alimonda, cravo\",\"album\":\"Conjunto Ars Barroca\",\"length_formatted\":\"2:53\"},\"image\":{\"src\":\"http:\\\/\\\/www.musicosalimonda.com.br\\\/wp-content\\\/uploads\\\/2014\\\/05\\\/Capas-CD-8.jpg\",\"width\":503,\"height\":486},\"thumb\":{\"src\":\"http:\\\/\\\/www.musicosalimonda.com.br\\\/wp-content\\\/uploads\\\/2014\\\/05\\\/Capas-CD-8-150x150.jpg\",\"width\":150,\"height\":150}},{\"src\":\"http:\\\/\\\/www.musicosalimonda.com.br\\\/wp-content\\\/uploads\\\/2014\\\/04\\\/02-Faixa-22.mp3\",\"type\":\"audio\\\/mpeg\",\"title\":\"G.PH.TELEMANN - TRIO SONATA R\\u00c9 MENOR - Vivace\",\"caption\":\"\",\"description\":\"\",\"meta\":{\"artist\":\"Celso Woltzenlogel, flauta - Paolo Nardi, obo\\u00e9 - A.Guerra Vicente, violoncelo - Heitor Alimonda, cravo\",\"album\":\"Conjunto Ars Barroca\",\"length_formatted\":\"2:57\"},\"image\":{\"src\":\"http:\\\/\\\/www.musicosalimonda.com.br\\\/wp-content\\\/uploads\\\/2014\\\/05\\\/Capas-CD-8.jpg\",\"width\":503,\"height\":486},\"thumb\":{\"src\":\"http:\\\/\\\/www.musicosalimonda.com.br\\\/wp-content\\\/uploads\\\/2014\\\/05\\\/Capas-CD-8-150x150.jpg\",\"width\":150,\"height\":150}},{\"src\":\"http:\\\/\\\/www.musicosalimonda.com.br\\\/wp-content\\\/uploads\\\/2014\\\/04\\\/03-Faixa-32.mp3\",\"type\":\"audio\\\/mpeg\",\"title\":\"G.PH.TELEMANN - TRIO SONATA R\\u00c9 MENOR - Adagio - Allegro\",\"caption\":\"\",\"description\":\"\",\"meta\":{\"artist\":\"Celso Woltzenlogel, flauta - Paolo Nardi, obo\\u00e9 - A.Guerra Vicente, violoncelo - Heitor Alimonda, cravo\",\"album\":\"Conjunto Ars Barroca\",\"length_formatted\":\"1:54\"},\"image\":{\"src\":\"http:\\\/\\\/www.musicosalimonda.com.br\\\/wp-content\\\/uploads\\\/2014\\\/05\\\/Capas-CD-8.jpg\",\"width\":503,\"height\":486},\"thumb\":{\"src\":\"http:\\\/\\\/www.musicosalimonda.com.br\\\/wp-content\\\/uploads\\\/2014\\\/05\\\/Capas-CD-8-150x150.jpg\",\"width\":150,\"height\":150}},{\"src\":\"http:\\\/\\\/www.musicosalimonda.com.br\\\/wp-content\\\/uploads\\\/2014\\\/04\\\/04-Faixa-42.mp3\",\"type\":\"audio\\\/mpeg\",\"title\":\"J.S.BACH - TRIO SONATA EM D\\u00d3 MAIOR - Adagio\",\"caption\":\"\",\"description\":\"\",\"meta\":{\"artist\":\"Celso Woltzenlogel, flauta - Paolo Nardi, obo\\u00e9 - A.Guerra Vicente, violoncelo - Heitor Alimonda, cravo\",\"album\":\"Conjunto Ars Barroca\",\"length_formatted\":\"2:55\"},\"image\":{\"src\":\"http:\\\/\\\/www.musicosalimonda.com.br\\\/wp-content\\\/uploads\\\/2014\\\/05\\\/Capas-CD-8.jpg\",\"width\":503,\"height\":486},\"thumb\":{\"src\":\"http:\\\/\\\/www.musicosalimonda.com.br\\\/wp-content\\\/uploads\\\/2014\\\/05\\\/Capas-CD-8-150x150.jpg\",\"width\":150,\"height\":150}},{\"src\":\"http:\\\/\\\/www.musicosalimonda.com.br\\\/wp-content\\\/uploads\\\/2014\\\/04\\\/05-Faixa-52.mp3\",\"type\":\"audio\\\/mpeg\",\"title\":\"J.S.BACH - TRIO SONATA EM D\\u00d3 MAIOR - Alla breve\",\"caption\":\"\",\"description\":\"\",\"meta\":{\"artist\":\"Celso Woltzenlogel, flauta - Paolo Nardi, obo\\u00e9 - A.Guerra Vicente, violoncelo - Heitor Alimonda, cravo\",\"album\":\"Conjunto Ars Barroca\",\"length_formatted\":\"2:06\"},\"image\":{\"src\":\"http:\\\/\\\/www.musicosalimonda.com.br\\\/wp-content\\\/uploads\\\/2014\\\/05\\\/Capas-CD-8.jpg\",\"width\":503,\"height\":486},\"thumb\":{\"src\":\"http:\\\/\\\/www.musicosalimonda.com.br\\\/wp-content\\\/uploads\\\/2014\\\/05\\\/Capas-CD-8-150x150.jpg\",\"width\":150,\"height\":150}},{\"src\":\"http:\\\/\\\/www.musicosalimonda.com.br\\\/wp-content\\\/uploads\\\/2014\\\/04\\\/06-Faixa-63.mp3\",\"type\":\"audio\\\/mpeg\",\"title\":\"J.S.BACH - TRIO SONATA EM D\\u00d3 MAIOR - Largo\",\"caption\":\"\",\"description\":\"\",\"meta\":{\"artist\":\"Celso Woltzenlogel, flauta - Paolo Nardi, obo\\u00e9 - A.Guerra Vicente, violoncelo - Heitor Alimonda, cravo\",\"album\":\"Conjunto Ars Barroca\",\"length_formatted\":\"1:19\"},\"image\":{\"src\":\"http:\\\/\\\/www.musicosalimonda.com.br\\\/wp-content\\\/uploads\\\/2014\\\/05\\\/Capas-CD-8.jpg\",\"width\":503,\"height\":486},\"thumb\":{\"src\":\"http:\\\/\\\/www.musicosalimonda.com.br\\\/wp-content\\\/uploads\\\/2014\\\/05\\\/Capas-CD-8-150x150.jpg\",\"width\":150,\"height\":150}},{\"src\":\"http:\\\/\\\/www.musicosalimonda.com.br\\\/wp-content\\\/uploads\\\/2014\\\/04\\\/07-Faixa-71.mp3\",\"type\":\"audio\\\/mpeg\",\"title\":\"J.S.BACH - TRIO SONATA EM D\\u00d3 MAIOR - Giga\",\"caption\":\"\",\"description\":\"\",\"meta\":{\"artist\":\"Celso Woltzenlogel, flauta - Paolo Nardi, obo\\u00e9 - A.Guerra Vicente, violoncelo - Heitor Alimonda, cravo\",\"album\":\"Conjunto Ars Barroca\",\"length_formatted\":\"2:42\"},\"image\":{\"src\":\"http:\\\/\\\/www.musicosalimonda.com.br\\\/wp-content\\\/uploads\\\/2014\\\/05\\\/Capas-CD-8.jpg\",\"width\":503,\"height\":486},\"thumb\":{\"src\":\"http:\\\/\\\/www.musicosalimonda.com.br\\\/wp-content\\\/uploads\\\/2014\\\/05\\\/Capas-CD-8-150x150.jpg\",\"width\":150,\"height\":150}},{\"src\":\"http:\\\/\\\/www.musicosalimonda.com.br\\\/wp-content\\\/uploads\\\/2014\\\/04\\\/08-Faixa-81.mp3\",\"type\":\"audio\\\/mpeg\",\"title\":\"J.M.LECLAIR - DEUXI\\u00c8ME R\\u00c9CR\\u00c9ATION DE MUSIQUE Op. 8 - Ouverture\",\"caption\":\"\",\"description\":\"\",\"meta\":{\"artist\":\"Celso Woltzenlogel, flauta - Paolo Nardi, obo\\u00e9 - A.Guerra Vicente, violoncelo - Heitor Alimonda, cravo\",\"album\":\"Conjunto Ars Barroca\",\"length_formatted\":\"4:05\"},\"image\":{\"src\":\"http:\\\/\\\/www.musicosalimonda.com.br\\\/wp-content\\\/uploads\\\/2014\\\/05\\\/Capas-CD-8.jpg\",\"width\":503,\"height\":486},\"thumb\":{\"src\":\"http:\\\/\\\/www.musicosalimonda.com.br\\\/wp-content\\\/uploads\\\/2014\\\/05\\\/Capas-CD-8-150x150.jpg\",\"width\":150,\"height\":150}},{\"src\":\"http:\\\/\\\/www.musicosalimonda.com.br\\\/wp-content\\\/uploads\\\/2014\\\/04\\\/09-Faixa-91.mp3\",\"type\":\"audio\\\/mpeg\",\"title\":\"J.M.LECLAIR - DEUXI\\u00c8ME R\\u00c9CR\\u00c9ATION DE MUSIQUE Op. 8 - Forlane\",\"caption\":\"\",\"description\":\"\",\"meta\":{\"artist\":\"Celso Woltzenlogel, flauta - Paolo Nardi, obo\\u00e9 - A.Guerra Vicente, violoncelo - Heitor Alimonda, cravo\",\"album\":\"Conjunto Ars Barroca\",\"length_formatted\":\"4:19\"},\"image\":{\"src\":\"http:\\\/\\\/www.musicosalimonda.com.br\\\/wp-content\\\/uploads\\\/2014\\\/05\\\/Capas-CD-8.jpg\",\"width\":503,\"height\":486},\"thumb\":{\"src\":\"http:\\\/\\\/www.musicosalimonda.com.br\\\/wp-content\\\/uploads\\\/2014\\\/05\\\/Capas-CD-8-150x150.jpg\",\"width\":150,\"height\":150}},{\"src\":\"http:\\\/\\\/www.musicosalimonda.com.br\\\/wp-content\\\/uploads\\\/2014\\\/04\\\/10-Faixa-10.mp3\",\"type\":\"audio\\\/mpeg\",\"title\":\"J.M.LECLAIR - DEUXI\\u00c8ME R\\u00c9CR\\u00c9ATION DE MUSIQUE Op. 8 - Sarabande\",\"caption\":\"\",\"description\":\"\",\"meta\":{\"artist\":\"Celso Woltzenlogel, flauta - Paolo Nardi, obo\\u00e9 - A.Guerra Vicente, violoncelo - Heitor Alimonda, cravo\",\"album\":\"Conjunto Ars Barroca\",\"length_formatted\":\"2:00\"},\"image\":{\"src\":\"http:\\\/\\\/www.musicosalimonda.com.br\\\/wp-content\\\/uploads\\\/2014\\\/05\\\/Capas-CD-8.jpg\",\"width\":503,\"height\":486},\"thumb\":{\"src\":\"http:\\\/\\\/www.musicosalimonda.com.br\\\/wp-content\\\/uploads\\\/2014\\\/05\\\/Capas-CD-8-150x150.jpg\",\"width\":150,\"height\":150}},{\"src\":\"http:\\\/\\\/www.musicosalimonda.com.br\\\/wp-content\\\/uploads\\\/2014\\\/04\\\/11-Faixa-11.mp3\",\"type\":\"audio\\\/mpeg\",\"title\":\"J.M.LECLAIR - DEUXI\\u00c8ME R\\u00c9CR\\u00c9ATION DE MUSIQUE Op. 8 - Tambourim\",\"caption\":\"\",\"description\":\"\",\"meta\":{\"artist\":\"Celso Woltzenlogel, flauta - Paolo Nardi, obo\\u00e9 - A.Guerra Vicente, violoncelo - Heitor Alimonda, cravo\",\"album\":\"Conjunto Ars Barroca\",\"length_formatted\":\"2:26\"},\"image\":{\"src\":\"http:\\\/\\\/www.musicosalimonda.com.br\\\/wp-content\\\/uploads\\\/2014\\\/05\\\/Capas-CD-8.jpg\",\"width\":503,\"height\":486},\"thumb\":{\"src\":\"http:\\\/\\\/www.musicosalimonda.com.br\\\/wp-content\\\/uploads\\\/2014\\\/05\\\/Capas-CD-8-150x150.jpg\",\"width\":150,\"height\":150}},{\"src\":\"http:\\\/\\\/www.musicosalimonda.com.br\\\/wp-content\\\/uploads\\\/2014\\\/04\\\/12-Faixa-12.mp3\",\"type\":\"audio\\\/mpeg\",\"title\":\"J.M.LECLAIR - DEUXI\\u00c8ME R\\u00c9CR\\u00c9ATION DE MUSIQUE Op. 8 - Autre Tambourin\",\"caption\":\"\",\"description\":\"\",\"meta\":{\"artist\":\"Celso Woltzenlogel, flauta - Paolo Nardi, obo\\u00e9 - A.Guerra Vicente, violoncelo - Heitor Alimonda, cravo\",\"album\":\"Conjunto Ars Barroca\",\"length_formatted\":\"2:44\"},\"image\":{\"src\":\"http:\\\/\\\/www.musicosalimonda.com.br\\\/wp-content\\\/uploads\\\/2014\\\/05\\\/Capas-CD-8.jpg\",\"width\":503,\"height\":486},\"thumb\":{\"src\":\"http:\\\/\\\/www.musicosalimonda.com.br\\\/wp-content\\\/uploads\\\/2014\\\/05\\\/Capas-CD-8-150x150.jpg\",\"width\":150,\"height\":150}},{\"src\":\"http:\\\/\\\/www.musicosalimonda.com.br\\\/wp-content\\\/uploads\\\/2014\\\/04\\\/13-Faixa-13.mp3\",\"type\":\"audio\\\/mpeg\",\"title\":\"J.M.LECLAIR - DEUXI\\u00c8ME R\\u00c9CR\\u00c9ATION DE MUSIQUE Op. 8 - Menuet - Autre Menuet\",\"caption\":\"\",\"description\":\"\",\"meta\":{\"artist\":\"Celso Woltzenlogel, flauta - Paolo Nardi, obo\\u00e9 - A.Guerra Vicente, violoncelo - Heitor Alimonda, cravo\",\"album\":\"Conjunto Ars Barroca\",\"length_formatted\":\"1:10\"},\"image\":{\"src\":\"http:\\\/\\\/www.musicosalimonda.com.br\\\/wp-content\\\/uploads\\\/2014\\\/05\\\/Capas-CD-8.jpg\",\"width\":503,\"height\":486},\"thumb\":{\"src\":\"http:\\\/\\\/www.musicosalimonda.com.br\\\/wp-content\\\/uploads\\\/2014\\\/05\\\/Capas-CD-8-150x150.jpg\",\"width\":150,\"height\":150}},{\"src\":\"http:\\\/\\\/www.musicosalimonda.com.br\\\/wp-content\\\/uploads\\\/2014\\\/04\\\/14-Faixa-14.mp3\",\"type\":\"audio\\\/mpeg\",\"title\":\"J.M.LECLAIR - DEUXI\\u00c8ME R\\u00c9CR\\u00c9ATION DE MUSIQUE Op. 8 - Badinage - Chaconne\",\"caption\":\"\",\"description\":\"\",\"meta\":{\"artist\":\"Celso Woltzenlogel, flauta - Paolo Nardi, obo\\u00e9 - A.Guerra Vicente, violoncelo - Heitor Alimonda, cravo\",\"album\":\"Conjunto Ars Barroca\",\"length_formatted\":\"8:40\"},\"image\":{\"src\":\"http:\\\/\\\/www.musicosalimonda.com.br\\\/wp-content\\\/uploads\\\/2014\\\/05\\\/Capas-CD-8.jpg\",\"width\":503,\"height\":486},\"thumb\":{\"src\":\"http:\\\/\\\/www.musicosalimonda.com.br\\\/wp-content\\\/uploads\\\/2014\\\/05\\\/Capas-CD-8-150x150.jpg\",\"width\":150,\"height\":150}}]}<\/script>\n<\/div>\n\t\n<div class=\"wp-playlist wp-audio-playlist wp-playlist-light\">\n\t\t\t<div class=\"wp-playlist-current-item\"><\/div>\n\t\t<audio controls=\"controls\" preload=\"none\" width=\"640\"\n\t\t\t><\/audio>\n\t<div class=\"wp-playlist-next\"><\/div>\n\t<div class=\"wp-playlist-prev\"><\/div>\n\t<noscript>\n\t<ol>\n\t\t<li><a href='http:\/\/www.musicosalimonda.com.br\/wp-content\/uploads\/2014\/04\/01-Faixa-13.mp3'>A MAIS DOLOROSA DAS HIST\u00d3RIAS<\/a><\/li><li><a href='http:\/\/www.musicosalimonda.com.br\/wp-content\/uploads\/2014\/04\/02-Faixa-23.mp3'>AMOR QUE PARTIU<\/a><\/li><li><a href='http:\/\/www.musicosalimonda.com.br\/wp-content\/uploads\/2014\/04\/03-Faixa-33.mp3'>PREL\u00daDIO 1<\/a><\/li><li><a href='http:\/\/www.musicosalimonda.com.br\/wp-content\/uploads\/2014\/04\/04-Faixa-43.mp3'>ACALANTO DA ROSA<\/a><\/li><li><a href='http:\/\/www.musicosalimonda.com.br\/wp-content\/uploads\/2014\/04\/05-Faixa-53.mp3'>PREL\u00daDIO 2 | ANDRANTE (CANTABILE)<\/a><\/li><li><a href='http:\/\/www.musicosalimonda.com.br\/wp-content\/uploads\/2014\/04\/06-Faixa-64.mp3'>PREL\u00cdDIO 3 | LENTO EXPRESSIVO<\/a><\/li><li><a href='http:\/\/www.musicosalimonda.com.br\/wp-content\/uploads\/2014\/04\/07-Faixa-72.mp3'>JARDIM NOTURNO<\/a><\/li><li><a href='http:\/\/www.musicosalimonda.com.br\/wp-content\/uploads\/2014\/04\/08-Faixa-82.mp3'>PREG\u00c3O DE SAUDADE<\/a><\/li><li><a href='http:\/\/www.musicosalimonda.com.br\/wp-content\/uploads\/2014\/04\/09-Faixa-92.mp3'>PREL\u00daDIO 4 | LENTO<\/a><\/li><li><a href='http:\/\/www.musicosalimonda.com.br\/wp-content\/uploads\/2014\/04\/10-Faixa-101.mp3'>PREL\u00daDIO 5 | ANDANTE<\/a><\/li><li><a href='http:\/\/www.musicosalimonda.com.br\/wp-content\/uploads\/2014\/04\/11-Faixa-111.mp3'>LUAR DO MEU BEM<\/a><\/li><li><a href='http:\/\/www.musicosalimonda.com.br\/wp-content\/uploads\/2014\/04\/12-Faixa-121.mp3'>AMOR EM L\u00c1GRIMAS<\/a><\/li><li><a href='http:\/\/www.musicosalimonda.com.br\/wp-content\/uploads\/2014\/04\/13-Faixa-131.mp3'>CANTIGA DO AUSENTE<\/a><\/li><li><a href='http:\/\/www.musicosalimonda.com.br\/wp-content\/uploads\/2014\/04\/14-Faixa-141.mp3'>PREL\u00daDIO 6 | ANDANTE (MOLTO APASSIONATO)<\/a><\/li><li><a href='http:\/\/www.musicosalimonda.com.br\/wp-content\/uploads\/2014\/04\/15-Faixa-15.mp3'>PREL\u00daDIO 7 | LENTO (DOLCE E TERNO)<\/a><\/li><li><a href='http:\/\/www.musicosalimonda.com.br\/wp-content\/uploads\/2014\/04\/16-Faixa-16.mp3'>ALMA PERDIDA<\/a><\/li><li><a href='http:\/\/www.musicosalimonda.com.br\/wp-content\/uploads\/2014\/04\/17-Faixa-17.mp3'>BEM PIOR QUE A MORTE<\/a><\/li><li><a href='http:\/\/www.musicosalimonda.com.br\/wp-content\/uploads\/2014\/04\/18-Faixa-18.mp3'>PREL\u00daDIO 8 | MODERATO<\/a><\/li><li><a href='http:\/\/www.musicosalimonda.com.br\/wp-content\/uploads\/2014\/04\/19-Faixa-19.mp3'>PREL\u00daDIO 9 | LENTO<\/a><\/li><li><a href='http:\/\/www.musicosalimonda.com.br\/wp-content\/uploads\/2014\/04\/20-Faixa-20.mp3'>BATATA DA FLOR DA TERRA<\/a><\/li><li><a href='http:\/\/www.musicosalimonda.com.br\/wp-content\/uploads\/2014\/04\/21-Faixa-21.mp3'>PREL\u00daDIO 10 | LENTO MOLTO EXPRESSIVO<\/a><\/li><li><a href='http:\/\/www.musicosalimonda.com.br\/wp-content\/uploads\/2014\/04\/22-Faixa-22.mp3'>EM ALGUM LUGAR<\/a><\/li><li><a href='http:\/\/www.musicosalimonda.com.br\/wp-content\/uploads\/2014\/04\/23-Faixa-23.mp3'>PREL\u00daDIO 11 | ANDANTE<\/a><\/li><li><a href='http:\/\/www.musicosalimonda.com.br\/wp-content\/uploads\/2014\/04\/24-Faixa-24.mp3'>OUVE O SIL\u00caNCIO<\/a><\/li><li><a href='http:\/\/www.musicosalimonda.com.br\/wp-content\/uploads\/2014\/04\/25-Faixa-25.mp3'>PREL\u00daDIO 12 | ANDANTE EXPRESSIVO<\/a><\/li>\t<\/ol>\n\t<\/noscript>\n\t<script type=\"application\/json\" class=\"wp-playlist-script\">{\"type\":\"audio\",\"tracklist\":true,\"tracknumbers\":true,\"images\":true,\"artists\":false,\"tracks\":[{\"src\":\"http:\\\/\\\/www.musicosalimonda.com.br\\\/wp-content\\\/uploads\\\/2014\\\/04\\\/01-Faixa-13.mp3\",\"type\":\"audio\\\/mpeg\",\"title\":\"A MAIS DOLOROSA DAS HIST\\u00d3RIAS\",\"caption\":\"\",\"description\":\"\",\"meta\":{\"artist\":\"Jos\\u00e9 Hue, canto - Heitor Alimonda, piano\",\"album\":\"Can\\u00e7\\u00f5es de Amor e Prel\\u00fadios - Claudio Santoro e Vin\\u00edcius de Moraes\",\"length_formatted\":\"3:01\"},\"image\":{\"src\":\"http:\\\/\\\/www.musicosalimonda.com.br\\\/wp-content\\\/uploads\\\/2014\\\/05\\\/Capas-CD-5.jpg\",\"width\":495,\"height\":488},\"thumb\":{\"src\":\"http:\\\/\\\/www.musicosalimonda.com.br\\\/wp-content\\\/uploads\\\/2014\\\/05\\\/Capas-CD-5-150x150.jpg\",\"width\":150,\"height\":150}},{\"src\":\"http:\\\/\\\/www.musicosalimonda.com.br\\\/wp-content\\\/uploads\\\/2014\\\/04\\\/02-Faixa-23.mp3\",\"type\":\"audio\\\/mpeg\",\"title\":\"AMOR QUE PARTIU\",\"caption\":\"\",\"description\":\"\",\"meta\":{\"artist\":\"Jos\\u00e9 Hue, canto - Heitor Alimonda, piano\",\"album\":\"Can\\u00e7\\u00f5es de Amor e Prel\\u00fadios - Claudio Santoro e Vin\\u00edcius de Moraes\",\"length_formatted\":\"3:01\"},\"image\":{\"src\":\"http:\\\/\\\/www.musicosalimonda.com.br\\\/wp-content\\\/uploads\\\/2014\\\/05\\\/Capas-CD-5.jpg\",\"width\":495,\"height\":488},\"thumb\":{\"src\":\"http:\\\/\\\/www.musicosalimonda.com.br\\\/wp-content\\\/uploads\\\/2014\\\/05\\\/Capas-CD-5-150x150.jpg\",\"width\":150,\"height\":150}},{\"src\":\"http:\\\/\\\/www.musicosalimonda.com.br\\\/wp-content\\\/uploads\\\/2014\\\/04\\\/03-Faixa-33.mp3\",\"type\":\"audio\\\/mpeg\",\"title\":\"PREL\\u00daDIO 1\",\"caption\":\"\",\"description\":\"\",\"meta\":{\"artist\":\"Jos\\u00e9 Hue,canto - Heitor Alimonda,piano\\\/Claudio Santoro - Vin\\u00edcius de Moraes\",\"album\":\"Can\\u00e7\\u00f5es de Amor e Prel\\u00fadios\",\"length_formatted\":\"1:54\"},\"image\":{\"src\":\"http:\\\/\\\/www.musicosalimonda.com.br\\\/wp-content\\\/uploads\\\/2014\\\/05\\\/Capas-CD-5.jpg\",\"width\":495,\"height\":488},\"thumb\":{\"src\":\"http:\\\/\\\/www.musicosalimonda.com.br\\\/wp-content\\\/uploads\\\/2014\\\/05\\\/Capas-CD-5-150x150.jpg\",\"width\":150,\"height\":150}},{\"src\":\"http:\\\/\\\/www.musicosalimonda.com.br\\\/wp-content\\\/uploads\\\/2014\\\/04\\\/04-Faixa-43.mp3\",\"type\":\"audio\\\/mpeg\",\"title\":\"ACALANTO DA ROSA\",\"caption\":\"\",\"description\":\"\",\"meta\":{\"artist\":\"Jos\\u00e9 Hue,canto - Heitor Alimonda,piano\\\/Claudio Santoro - Vin\\u00edcius de Moraes\",\"album\":\"Can\\u00e7\\u00f5es de Amor e Prel\\u00fadios\",\"length_formatted\":\"2:23\"},\"image\":{\"src\":\"http:\\\/\\\/www.musicosalimonda.com.br\\\/wp-includes\\\/images\\\/media\\\/audio.png\",\"width\":48,\"height\":64},\"thumb\":{\"src\":\"http:\\\/\\\/www.musicosalimonda.com.br\\\/wp-includes\\\/images\\\/media\\\/audio.png\",\"width\":48,\"height\":64}},{\"src\":\"http:\\\/\\\/www.musicosalimonda.com.br\\\/wp-content\\\/uploads\\\/2014\\\/04\\\/05-Faixa-53.mp3\",\"type\":\"audio\\\/mpeg\",\"title\":\"PREL\\u00daDIO 2 | ANDRANTE (CANTABILE)\",\"caption\":\"\",\"description\":\"\",\"meta\":{\"artist\":\"Jos\\u00e9 Hue,canto - Heitor Alimonda,piano\\\/Claudio Santoro - Vin\\u00edcius de Moraes\",\"album\":\"Can\\u00e7\\u00f5es de Amor e Prel\\u00fadios\",\"length_formatted\":\"1:05\"},\"image\":{\"src\":\"http:\\\/\\\/www.musicosalimonda.com.br\\\/wp-content\\\/uploads\\\/2014\\\/05\\\/Capas-CD-5.jpg\",\"width\":495,\"height\":488},\"thumb\":{\"src\":\"http:\\\/\\\/www.musicosalimonda.com.br\\\/wp-content\\\/uploads\\\/2014\\\/05\\\/Capas-CD-5-150x150.jpg\",\"width\":150,\"height\":150}},{\"src\":\"http:\\\/\\\/www.musicosalimonda.com.br\\\/wp-content\\\/uploads\\\/2014\\\/04\\\/06-Faixa-64.mp3\",\"type\":\"audio\\\/mpeg\",\"title\":\"PREL\\u00cdDIO 3 | LENTO EXPRESSIVO\",\"caption\":\"\",\"description\":\"\",\"meta\":{\"artist\":\"Jos\\u00e9 Hue,canto - Heitor Alimonda,piano\\\/Claudio Santoro - Vin\\u00edcius de Moraes\",\"album\":\"Can\\u00e7\\u00f5es de Amor e Prel\\u00fadios\",\"length_formatted\":\"1:16\"},\"image\":{\"src\":\"http:\\\/\\\/www.musicosalimonda.com.br\\\/wp-content\\\/uploads\\\/2014\\\/05\\\/Capas-CD-5.jpg\",\"width\":495,\"height\":488},\"thumb\":{\"src\":\"http:\\\/\\\/www.musicosalimonda.com.br\\\/wp-content\\\/uploads\\\/2014\\\/05\\\/Capas-CD-5-150x150.jpg\",\"width\":150,\"height\":150}},{\"src\":\"http:\\\/\\\/www.musicosalimonda.com.br\\\/wp-content\\\/uploads\\\/2014\\\/04\\\/07-Faixa-72.mp3\",\"type\":\"audio\\\/mpeg\",\"title\":\"JARDIM NOTURNO\",\"caption\":\"\",\"description\":\"\",\"meta\":{\"artist\":\"Jos\\u00e9 Hue,canto - Heitor Alimonda,piano\\\/Claudio Santoro - Vin\\u00edcius de Moraes\",\"album\":\"Can\\u00e7\\u00f5es de Amor e Prel\\u00fadios\",\"length_formatted\":\"2:05\"},\"image\":{\"src\":\"http:\\\/\\\/www.musicosalimonda.com.br\\\/wp-content\\\/uploads\\\/2014\\\/05\\\/Capas-CD-5.jpg\",\"width\":495,\"height\":488},\"thumb\":{\"src\":\"http:\\\/\\\/www.musicosalimonda.com.br\\\/wp-content\\\/uploads\\\/2014\\\/05\\\/Capas-CD-5-150x150.jpg\",\"width\":150,\"height\":150}},{\"src\":\"http:\\\/\\\/www.musicosalimonda.com.br\\\/wp-content\\\/uploads\\\/2014\\\/04\\\/08-Faixa-82.mp3\",\"type\":\"audio\\\/mpeg\",\"title\":\"PREG\\u00c3O DE SAUDADE\",\"caption\":\"\",\"description\":\"\",\"meta\":{\"artist\":\"Jos\\u00e9 Hue,canto - Heitor Alimonda,piano\\\/Claudio Santoro - Vin\\u00edcius de Moraes\",\"album\":\"Can\\u00e7\\u00f5es de Amor e Prel\\u00fadios\",\"length_formatted\":\"2:17\"},\"image\":{\"src\":\"http:\\\/\\\/www.musicosalimonda.com.br\\\/wp-content\\\/uploads\\\/2014\\\/05\\\/Capas-CD-5.jpg\",\"width\":495,\"height\":488},\"thumb\":{\"src\":\"http:\\\/\\\/www.musicosalimonda.com.br\\\/wp-content\\\/uploads\\\/2014\\\/05\\\/Capas-CD-5-150x150.jpg\",\"width\":150,\"height\":150}},{\"src\":\"http:\\\/\\\/www.musicosalimonda.com.br\\\/wp-content\\\/uploads\\\/2014\\\/04\\\/09-Faixa-92.mp3\",\"type\":\"audio\\\/mpeg\",\"title\":\"PREL\\u00daDIO 4 | LENTO\",\"caption\":\"\",\"description\":\"\",\"meta\":{\"artist\":\"Jos\\u00e9 Hue,canto - Heitor Alimonda,piano\\\/Claudio Santoro - Vin\\u00edcius de Moraes\",\"album\":\"Can\\u00e7\\u00f5es de Amor e Prel\\u00fadios\",\"length_formatted\":\"1:57\"},\"image\":{\"src\":\"http:\\\/\\\/www.musicosalimonda.com.br\\\/wp-content\\\/uploads\\\/2014\\\/05\\\/Capas-CD-5.jpg\",\"width\":495,\"height\":488},\"thumb\":{\"src\":\"http:\\\/\\\/www.musicosalimonda.com.br\\\/wp-content\\\/uploads\\\/2014\\\/05\\\/Capas-CD-5-150x150.jpg\",\"width\":150,\"height\":150}},{\"src\":\"http:\\\/\\\/www.musicosalimonda.com.br\\\/wp-content\\\/uploads\\\/2014\\\/04\\\/10-Faixa-101.mp3\",\"type\":\"audio\\\/mpeg\",\"title\":\"PREL\\u00daDIO 5 | ANDANTE\",\"caption\":\"\",\"description\":\"\",\"meta\":{\"artist\":\"Jos\\u00e9 Hue,canto - Heitor Alimonda,piano\\\/Claudio Santoro - Vin\\u00edcius de Moraes\",\"album\":\"Can\\u00e7\\u00f5es de Amor e Prel\\u00fadios\",\"length_formatted\":\"0:46\"},\"image\":{\"src\":\"http:\\\/\\\/www.musicosalimonda.com.br\\\/wp-content\\\/uploads\\\/2014\\\/05\\\/Capas-CD-5.jpg\",\"width\":495,\"height\":488},\"thumb\":{\"src\":\"http:\\\/\\\/www.musicosalimonda.com.br\\\/wp-content\\\/uploads\\\/2014\\\/05\\\/Capas-CD-5-150x150.jpg\",\"width\":150,\"height\":150}},{\"src\":\"http:\\\/\\\/www.musicosalimonda.com.br\\\/wp-content\\\/uploads\\\/2014\\\/04\\\/11-Faixa-111.mp3\",\"type\":\"audio\\\/mpeg\",\"title\":\"LUAR DO MEU BEM\",\"caption\":\"\",\"description\":\"\",\"meta\":{\"artist\":\"Jos\\u00e9 Hue,canto - Heitor Alimonda,piano\\\/Claudio Santoro - Vin\\u00edcius de Moraes\",\"album\":\"Can\\u00e7\\u00f5es de Amor e Prel\\u00fadios\",\"length_formatted\":\"1:56\"},\"image\":{\"src\":\"http:\\\/\\\/www.musicosalimonda.com.br\\\/wp-content\\\/uploads\\\/2014\\\/05\\\/Capas-CD-5.jpg\",\"width\":495,\"height\":488},\"thumb\":{\"src\":\"http:\\\/\\\/www.musicosalimonda.com.br\\\/wp-content\\\/uploads\\\/2014\\\/05\\\/Capas-CD-5-150x150.jpg\",\"width\":150,\"height\":150}},{\"src\":\"http:\\\/\\\/www.musicosalimonda.com.br\\\/wp-content\\\/uploads\\\/2014\\\/04\\\/12-Faixa-121.mp3\",\"type\":\"audio\\\/mpeg\",\"title\":\"AMOR EM L\\u00c1GRIMAS\",\"caption\":\"\",\"description\":\"\",\"meta\":{\"artist\":\"Jos\\u00e9 Hue,canto - Heitor Alimonda,piano\\\/Claudio Santoro - Vin\\u00edcius de Moraes\",\"album\":\"Can\\u00e7\\u00f5es de Amor e Prel\\u00fadios\",\"length_formatted\":\"2:55\"},\"image\":{\"src\":\"http:\\\/\\\/www.musicosalimonda.com.br\\\/wp-content\\\/uploads\\\/2014\\\/05\\\/Capas-CD-5.jpg\",\"width\":495,\"height\":488},\"thumb\":{\"src\":\"http:\\\/\\\/www.musicosalimonda.com.br\\\/wp-content\\\/uploads\\\/2014\\\/05\\\/Capas-CD-5-150x150.jpg\",\"width\":150,\"height\":150}},{\"src\":\"http:\\\/\\\/www.musicosalimonda.com.br\\\/wp-content\\\/uploads\\\/2014\\\/04\\\/13-Faixa-131.mp3\",\"type\":\"audio\\\/mpeg\",\"title\":\"CANTIGA DO AUSENTE\",\"caption\":\"\",\"description\":\"\",\"meta\":{\"artist\":\"Jos\\u00e9 Hue,canto - Heitor Alimonda,piano\\\/Claudio Santoro - Vin\\u00edcius de Moraes\",\"album\":\"Can\\u00e7\\u00f5es de Amor e Prel\\u00fadios\",\"length_formatted\":\"1:52\"},\"image\":{\"src\":\"http:\\\/\\\/www.musicosalimonda.com.br\\\/wp-content\\\/uploads\\\/2014\\\/05\\\/Capas-CD-5.jpg\",\"width\":495,\"height\":488},\"thumb\":{\"src\":\"http:\\\/\\\/www.musicosalimonda.com.br\\\/wp-content\\\/uploads\\\/2014\\\/05\\\/Capas-CD-5-150x150.jpg\",\"width\":150,\"height\":150}},{\"src\":\"http:\\\/\\\/www.musicosalimonda.com.br\\\/wp-content\\\/uploads\\\/2014\\\/04\\\/14-Faixa-141.mp3\",\"type\":\"audio\\\/mpeg\",\"title\":\"PREL\\u00daDIO 6 | ANDANTE (MOLTO APASSIONATO)\",\"caption\":\"\",\"description\":\"\",\"meta\":{\"artist\":\"Jos\\u00e9 Hue, canto - Heitor Alimonda, piano\",\"album\":\"Can\\u00e7\\u00f5es de Amor e Prel\\u00fadios - Claudio Santoro e Vin\\u00edcius de Moraes\",\"length_formatted\":\"2:04\"},\"image\":{\"src\":\"http:\\\/\\\/www.musicosalimonda.com.br\\\/wp-content\\\/uploads\\\/2014\\\/05\\\/Capas-CD-5.jpg\",\"width\":495,\"height\":488},\"thumb\":{\"src\":\"http:\\\/\\\/www.musicosalimonda.com.br\\\/wp-content\\\/uploads\\\/2014\\\/05\\\/Capas-CD-5-150x150.jpg\",\"width\":150,\"height\":150}},{\"src\":\"http:\\\/\\\/www.musicosalimonda.com.br\\\/wp-content\\\/uploads\\\/2014\\\/04\\\/15-Faixa-15.mp3\",\"type\":\"audio\\\/mpeg\",\"title\":\"PREL\\u00daDIO 7 | LENTO (DOLCE E TERNO)\",\"caption\":\"\",\"description\":\"\",\"meta\":{\"artist\":\"Jos\\u00e9 Hue, canto - Heitor Alimonda, piano\",\"album\":\"Can\\u00e7\\u00f5es de Amor e Prel\\u00fadios - Claudio Santoro e Vin\\u00edcius de Moraes\",\"length_formatted\":\"1:51\"},\"image\":{\"src\":\"http:\\\/\\\/www.musicosalimonda.com.br\\\/wp-content\\\/uploads\\\/2014\\\/05\\\/Capas-CD-5.jpg\",\"width\":495,\"height\":488},\"thumb\":{\"src\":\"http:\\\/\\\/www.musicosalimonda.com.br\\\/wp-content\\\/uploads\\\/2014\\\/05\\\/Capas-CD-5-150x150.jpg\",\"width\":150,\"height\":150}},{\"src\":\"http:\\\/\\\/www.musicosalimonda.com.br\\\/wp-content\\\/uploads\\\/2014\\\/04\\\/16-Faixa-16.mp3\",\"type\":\"audio\\\/mpeg\",\"title\":\"ALMA PERDIDA\",\"caption\":\"\",\"description\":\"\",\"meta\":{\"artist\":\"Jos\\u00e9 Hue, canto - Heitor Alimonda, piano\",\"album\":\"Can\\u00e7\\u00f5es de Amor e Prel\\u00fadios - Claudio Santoro e Vin\\u00edcius de Moraes\",\"length_formatted\":\"1:37\"},\"image\":{\"src\":\"http:\\\/\\\/www.musicosalimonda.com.br\\\/wp-content\\\/uploads\\\/2014\\\/05\\\/Capas-CD-5.jpg\",\"width\":495,\"height\":488},\"thumb\":{\"src\":\"http:\\\/\\\/www.musicosalimonda.com.br\\\/wp-content\\\/uploads\\\/2014\\\/05\\\/Capas-CD-5-150x150.jpg\",\"width\":150,\"height\":150}},{\"src\":\"http:\\\/\\\/www.musicosalimonda.com.br\\\/wp-content\\\/uploads\\\/2014\\\/04\\\/17-Faixa-17.mp3\",\"type\":\"audio\\\/mpeg\",\"title\":\"BEM PIOR QUE A MORTE\",\"caption\":\"\",\"description\":\"\",\"meta\":{\"artist\":\"Jos\\u00e9 Hue, canto - Heitor Alimonda, piano\",\"album\":\"Can\\u00e7\\u00f5es de Amor e Prel\\u00fadios - Claudio Santoro e Vin\\u00edcius de Moraes\",\"length_formatted\":\"2:34\"},\"image\":{\"src\":\"http:\\\/\\\/www.musicosalimonda.com.br\\\/wp-content\\\/uploads\\\/2014\\\/05\\\/Capas-CD-5.jpg\",\"width\":495,\"height\":488},\"thumb\":{\"src\":\"http:\\\/\\\/www.musicosalimonda.com.br\\\/wp-content\\\/uploads\\\/2014\\\/05\\\/Capas-CD-5-150x150.jpg\",\"width\":150,\"height\":150}},{\"src\":\"http:\\\/\\\/www.musicosalimonda.com.br\\\/wp-content\\\/uploads\\\/2014\\\/04\\\/18-Faixa-18.mp3\",\"type\":\"audio\\\/mpeg\",\"title\":\"PREL\\u00daDIO 8 | MODERATO\",\"caption\":\"\",\"description\":\"\",\"meta\":{\"artist\":\"Jos\\u00e9 Hue, canto - Heitor Alimonda, piano\",\"album\":\"Can\\u00e7\\u00f5es de Amor e Prel\\u00fadios - Claudio Santoro e Vin\\u00edcius de Moraes\",\"length_formatted\":\"1:20\"},\"image\":{\"src\":\"http:\\\/\\\/www.musicosalimonda.com.br\\\/wp-content\\\/uploads\\\/2014\\\/05\\\/Capas-CD-5.jpg\",\"width\":495,\"height\":488},\"thumb\":{\"src\":\"http:\\\/\\\/www.musicosalimonda.com.br\\\/wp-content\\\/uploads\\\/2014\\\/05\\\/Capas-CD-5-150x150.jpg\",\"width\":150,\"height\":150}},{\"src\":\"http:\\\/\\\/www.musicosalimonda.com.br\\\/wp-content\\\/uploads\\\/2014\\\/04\\\/19-Faixa-19.mp3\",\"type\":\"audio\\\/mpeg\",\"title\":\"PREL\\u00daDIO 9 | LENTO\",\"caption\":\"\",\"description\":\"\",\"meta\":{\"artist\":\"Jos\\u00e9 Hue, canto - Heitor Alimonda, piano\",\"album\":\"Can\\u00e7\\u00f5es de Amor e Prel\\u00fadios - Claudio Santoro e Vin\\u00edcius de Moraes\",\"length_formatted\":\"1:06\"},\"image\":{\"src\":\"http:\\\/\\\/www.musicosalimonda.com.br\\\/wp-content\\\/uploads\\\/2014\\\/05\\\/Capas-CD-5.jpg\",\"width\":495,\"height\":488},\"thumb\":{\"src\":\"http:\\\/\\\/www.musicosalimonda.com.br\\\/wp-content\\\/uploads\\\/2014\\\/05\\\/Capas-CD-5-150x150.jpg\",\"width\":150,\"height\":150}},{\"src\":\"http:\\\/\\\/www.musicosalimonda.com.br\\\/wp-content\\\/uploads\\\/2014\\\/04\\\/20-Faixa-20.mp3\",\"type\":\"audio\\\/mpeg\",\"title\":\"BATATA DA FLOR DA TERRA\",\"caption\":\"\",\"description\":\"\",\"meta\":{\"artist\":\"Jos\\u00e9 Hue, canto - Heitor Alimonda, piano\",\"album\":\"Can\\u00e7\\u00f5es de Amor e Prel\\u00fadios - Claudio Santoro e Vin\\u00edcius de Moraes\",\"length_formatted\":\"1:46\"},\"image\":{\"src\":\"http:\\\/\\\/www.musicosalimonda.com.br\\\/wp-content\\\/uploads\\\/2014\\\/05\\\/Capas-CD-5.jpg\",\"width\":495,\"height\":488},\"thumb\":{\"src\":\"http:\\\/\\\/www.musicosalimonda.com.br\\\/wp-content\\\/uploads\\\/2014\\\/05\\\/Capas-CD-5-150x150.jpg\",\"width\":150,\"height\":150}},{\"src\":\"http:\\\/\\\/www.musicosalimonda.com.br\\\/wp-content\\\/uploads\\\/2014\\\/04\\\/21-Faixa-21.mp3\",\"type\":\"audio\\\/mpeg\",\"title\":\"PREL\\u00daDIO 10 | LENTO MOLTO EXPRESSIVO\",\"caption\":\"\",\"description\":\"\\\"Faixa 21\\\" de Can\\u00e7\\u00f5es de Amor e Prel\\u00fadios por Heitor Alimonda, piano. Faixa 21.\",\"meta\":{\"artist\":\"Jos\\u00e9 Hue, canto - Heitor Alimonda, piano\",\"album\":\"Can\\u00e7\\u00f5es de Amor e Prel\\u00fadios - Claudio Santoro e Vin\\u00edcius de Moraes\",\"length_formatted\":\"1:37\"},\"image\":{\"src\":\"http:\\\/\\\/www.musicosalimonda.com.br\\\/wp-content\\\/uploads\\\/2014\\\/05\\\/Capas-CD-5.jpg\",\"width\":495,\"height\":488},\"thumb\":{\"src\":\"http:\\\/\\\/www.musicosalimonda.com.br\\\/wp-content\\\/uploads\\\/2014\\\/05\\\/Capas-CD-5-150x150.jpg\",\"width\":150,\"height\":150}},{\"src\":\"http:\\\/\\\/www.musicosalimonda.com.br\\\/wp-content\\\/uploads\\\/2014\\\/04\\\/22-Faixa-22.mp3\",\"type\":\"audio\\\/mpeg\",\"title\":\"EM ALGUM LUGAR\",\"caption\":\"\",\"description\":\"\\\"Faixa 22\\\" de Can\\u00e7\\u00f5es de Amor e Prel\\u00fadios por Heitor Alimonda, piano. Faixa 22.\",\"meta\":{\"artist\":\"Jos\\u00e9 Hue, canto - Heitor Alimonda, piano\",\"album\":\"Can\\u00e7\\u00f5es de Amor e Prel\\u00fadios - Claudio Santoro e Vin\\u00edcius de Moraes\",\"length_formatted\":\"2:28\"},\"image\":{\"src\":\"http:\\\/\\\/www.musicosalimonda.com.br\\\/wp-content\\\/uploads\\\/2014\\\/05\\\/Capas-CD-5.jpg\",\"width\":495,\"height\":488},\"thumb\":{\"src\":\"http:\\\/\\\/www.musicosalimonda.com.br\\\/wp-content\\\/uploads\\\/2014\\\/05\\\/Capas-CD-5-150x150.jpg\",\"width\":150,\"height\":150}},{\"src\":\"http:\\\/\\\/www.musicosalimonda.com.br\\\/wp-content\\\/uploads\\\/2014\\\/04\\\/23-Faixa-23.mp3\",\"type\":\"audio\\\/mpeg\",\"title\":\"PREL\\u00daDIO 11 | ANDANTE\",\"caption\":\"\",\"description\":\"\\\"Faixa 23\\\" de Can\\u00e7\\u00f5es de Amor e Prel\\u00fadios por Heitor Alimonda, piano. Faixa 23.\",\"meta\":{\"artist\":\"Jos\\u00e9 Hue, canto - Heitor Alimonda, piano\",\"album\":\"Can\\u00e7\\u00f5es de Amor e Prel\\u00fadios - Claudio Santoro e Vin\\u00edcius de Moraes\",\"length_formatted\":\"1:04\"},\"image\":{\"src\":\"http:\\\/\\\/www.musicosalimonda.com.br\\\/wp-content\\\/uploads\\\/2014\\\/05\\\/Capas-CD-5.jpg\",\"width\":495,\"height\":488},\"thumb\":{\"src\":\"http:\\\/\\\/www.musicosalimonda.com.br\\\/wp-content\\\/uploads\\\/2014\\\/05\\\/Capas-CD-5-150x150.jpg\",\"width\":150,\"height\":150}},{\"src\":\"http:\\\/\\\/www.musicosalimonda.com.br\\\/wp-content\\\/uploads\\\/2014\\\/04\\\/24-Faixa-24.mp3\",\"type\":\"audio\\\/mpeg\",\"title\":\"OUVE O SIL\\u00caNCIO\",\"caption\":\"\",\"description\":\"\\\"Faixa 24\\\" de Can\\u00e7\\u00f5es de Amor e Prel\\u00fadios por Heitor Alimonda, piano. Faixa 24.\",\"meta\":{\"artist\":\"Jos\\u00e9 Hue, canto - Heitor Alimonda, piano\",\"album\":\"Can\\u00e7\\u00f5es de Amor e Prel\\u00fadios - Claudio Santoro e Vin\\u00edcius de Moraes\",\"length_formatted\":\"3:31\"},\"image\":{\"src\":\"http:\\\/\\\/www.musicosalimonda.com.br\\\/wp-content\\\/uploads\\\/2014\\\/05\\\/Capas-CD-5.jpg\",\"width\":495,\"height\":488},\"thumb\":{\"src\":\"http:\\\/\\\/www.musicosalimonda.com.br\\\/wp-content\\\/uploads\\\/2014\\\/05\\\/Capas-CD-5-150x150.jpg\",\"width\":150,\"height\":150}},{\"src\":\"http:\\\/\\\/www.musicosalimonda.com.br\\\/wp-content\\\/uploads\\\/2014\\\/04\\\/25-Faixa-25.mp3\",\"type\":\"audio\\\/mpeg\",\"title\":\"PREL\\u00daDIO 12 | ANDANTE EXPRESSIVO\",\"caption\":\"\",\"description\":\"\\\"Faixa 25\\\" de Can\\u00e7\\u00f5es de Amor e Prel\\u00fadios por Heitor Alimonda, piano. Faixa 25.\",\"meta\":{\"artist\":\"Jos\\u00e9 Hue, canto - Heitor Alimonda, piano\",\"album\":\"Can\\u00e7\\u00f5es de Amor e Prel\\u00fadios - Claudio Santoro e Vin\\u00edcius de Moraes\",\"length_formatted\":\"1:15\"},\"image\":{\"src\":\"http:\\\/\\\/www.musicosalimonda.com.br\\\/wp-content\\\/uploads\\\/2014\\\/05\\\/Capas-CD-5.jpg\",\"width\":495,\"height\":488},\"thumb\":{\"src\":\"http:\\\/\\\/www.musicosalimonda.com.br\\\/wp-content\\\/uploads\\\/2014\\\/05\\\/Capas-CD-5-150x150.jpg\",\"width\":150,\"height\":150}}]}<\/script>\n<\/div>\n\t\n<div class=\"wp-playlist wp-audio-playlist wp-playlist-light\">\n\t\t\t<div class=\"wp-playlist-current-item\"><\/div>\n\t\t<audio controls=\"controls\" preload=\"none\" width=\"640\"\n\t\t\t><\/audio>\n\t<div class=\"wp-playlist-next\"><\/div>\n\t<div class=\"wp-playlist-prev\"><\/div>\n\t<noscript>\n\t<ol>\n\t\t<li><a href='http:\/\/www.musicosalimonda.com.br\/wp-content\/uploads\/2014\/04\/08-08-Trilha-8.mp3'>Valsa n.2 Lento<\/a><\/li><li><a href='http:\/\/www.musicosalimonda.com.br\/wp-content\/uploads\/2014\/04\/09-09-Trilha-9.mp3'>Valsa n.3 Pesante<\/a><\/li><li><a href='http:\/\/www.musicosalimonda.com.br\/wp-content\/uploads\/2014\/04\/10-10-Trilha-10.mp3'>Valsa  n.4 A tempo<\/a><\/li><li><a href='http:\/\/www.musicosalimonda.com.br\/wp-content\/uploads\/2014\/04\/11-11-Trilha-11.mp3'>Valsa n.5 Scherzando<\/a><\/li><li><a href='http:\/\/www.musicosalimonda.com.br\/wp-content\/uploads\/2014\/04\/12-12-Trilha-12.mp3'>Valsa n.6 Allegro<\/a><\/li>\t<\/ol>\n\t<\/noscript>\n\t<script type=\"application\/json\" class=\"wp-playlist-script\">{\"type\":\"audio\",\"tracklist\":true,\"tracknumbers\":true,\"images\":true,\"artists\":false,\"tracks\":[{\"src\":\"http:\\\/\\\/www.musicosalimonda.com.br\\\/wp-content\\\/uploads\\\/2014\\\/04\\\/08-08-Trilha-8.mp3\",\"type\":\"audio\\\/mpeg\",\"title\":\"Valsa n.2 Lento\",\"caption\":\"\",\"description\":\"\\\"Trilha 8\\\" de Sem t\\u00edtulo - 04-07-13 por Desconhecido. Faixa 8. G\\u00eanero: Desconhecido.\",\"meta\":{\"artist\":\"Alberto Nepomuceno - Regente Roberto Duarte \\\/ Solista Heitor Alimonda\",\"album\":\"Valsas Humor\\u00edsticas para Piano e Orquestra - Orquestra Sinf\\u00f4nica do Paran\\u00e1\",\"genre\":\"Desconhecido\",\"length_formatted\":\"4:06\"},\"image\":{\"src\":\"http:\\\/\\\/www.musicosalimonda.com.br\\\/wp-content\\\/uploads\\\/2014\\\/11\\\/Capas-CD-10.jpg\",\"width\":477,\"height\":473},\"thumb\":{\"src\":\"http:\\\/\\\/www.musicosalimonda.com.br\\\/wp-content\\\/uploads\\\/2014\\\/11\\\/Capas-CD-10-150x150.jpg\",\"width\":150,\"height\":150}},{\"src\":\"http:\\\/\\\/www.musicosalimonda.com.br\\\/wp-content\\\/uploads\\\/2014\\\/04\\\/09-09-Trilha-9.mp3\",\"type\":\"audio\\\/mpeg\",\"title\":\"Valsa n.3 Pesante\",\"caption\":\"\",\"description\":\"\\\"Trilha 9\\\" de Sem t\\u00edtulo - 04-07-13 por Desconhecido. Faixa 9. G\\u00eanero: Desconhecido.\",\"meta\":{\"artist\":\"Alberto Nepomuceno - Regente Roberto Duarte \\\/ Solista Heitor Alimonda\",\"album\":\"Valsas Humor\\u00edsticas para Piano e Orquestra - Orquestra Sinf\\u00f4nica do Paran\\u00e1\",\"genre\":\"Desconhecido\",\"length_formatted\":\"3:21\"},\"image\":{\"src\":\"http:\\\/\\\/www.musicosalimonda.com.br\\\/wp-content\\\/uploads\\\/2014\\\/11\\\/Capas-CD-10.jpg\",\"width\":477,\"height\":473},\"thumb\":{\"src\":\"http:\\\/\\\/www.musicosalimonda.com.br\\\/wp-content\\\/uploads\\\/2014\\\/11\\\/Capas-CD-10-150x150.jpg\",\"width\":150,\"height\":150}},{\"src\":\"http:\\\/\\\/www.musicosalimonda.com.br\\\/wp-content\\\/uploads\\\/2014\\\/04\\\/10-10-Trilha-10.mp3\",\"type\":\"audio\\\/mpeg\",\"title\":\"Valsa  n.4 A tempo\",\"caption\":\"\",\"description\":\"\\\"Trilha 10\\\" de Sem t\\u00edtulo - 04-07-13 por Desconhecido. Faixa 10. G\\u00eanero: Desconhecido.\",\"meta\":{\"artist\":\"Alberto Nepomuceno - Regente Roberto Duarte \\\/ Solista Heitor Alimonda\",\"album\":\"Valsas Humor\\u00edsticas para Piano e Orquestra - Orquestra Sinf\\u00f4nica do Paran\\u00e1\",\"genre\":\"Desconhecido\",\"length_formatted\":\"4:08\"},\"image\":{\"src\":\"http:\\\/\\\/www.musicosalimonda.com.br\\\/wp-content\\\/uploads\\\/2014\\\/11\\\/Capas-CD-10.jpg\",\"width\":477,\"height\":473},\"thumb\":{\"src\":\"http:\\\/\\\/www.musicosalimonda.com.br\\\/wp-content\\\/uploads\\\/2014\\\/11\\\/Capas-CD-10-150x150.jpg\",\"width\":150,\"height\":150}},{\"src\":\"http:\\\/\\\/www.musicosalimonda.com.br\\\/wp-content\\\/uploads\\\/2014\\\/04\\\/11-11-Trilha-11.mp3\",\"type\":\"audio\\\/mpeg\",\"title\":\"Valsa n.5 Scherzando\",\"caption\":\"\",\"description\":\"\\\"Trilha 11\\\" de Sem t\\u00edtulo - 04-07-13 por Desconhecido. Faixa 11. G\\u00eanero: Desconhecido.\",\"meta\":{\"artist\":\"Alberto Nepomuceno - Regente Roberto Duarte \\\/ Solista Heitor Alimonda\",\"album\":\"Valsas Humor\\u00edsticas para Piano e Orquestra - Orquestra Sinf\\u00f4nica do Paran\\u00e1\",\"genre\":\"Desconhecido\",\"length_formatted\":\"5:28\"},\"image\":{\"src\":\"http:\\\/\\\/www.musicosalimonda.com.br\\\/wp-content\\\/uploads\\\/2014\\\/11\\\/Capas-CD-10.jpg\",\"width\":477,\"height\":473},\"thumb\":{\"src\":\"http:\\\/\\\/www.musicosalimonda.com.br\\\/wp-content\\\/uploads\\\/2014\\\/11\\\/Capas-CD-10-150x150.jpg\",\"width\":150,\"height\":150}},{\"src\":\"http:\\\/\\\/www.musicosalimonda.com.br\\\/wp-content\\\/uploads\\\/2014\\\/04\\\/12-12-Trilha-12.mp3\",\"type\":\"audio\\\/mpeg\",\"title\":\"Valsa n.6 Allegro\",\"caption\":\"\",\"description\":\"\\\"Trilha 12\\\" de Sem t\\u00edtulo - 04-07-13 por Desconhecido. Faixa 12. G\\u00eanero: Desconhecido.\",\"meta\":{\"artist\":\"Alberto Nepomuceno - Regente Roberto Duarte \\\/ Solista Heitor Alimonda\",\"album\":\"Valsas Humor\\u00edsticas para Piano e Orquestra - Orquestra Sinf\\u00f4nica do Paran\\u00e1\",\"genre\":\"Desconhecido\",\"length_formatted\":\"4:49\"},\"image\":{\"src\":\"http:\\\/\\\/www.musicosalimonda.com.br\\\/wp-content\\\/uploads\\\/2014\\\/11\\\/Capas-CD-10.jpg\",\"width\":477,\"height\":473},\"thumb\":{\"src\":\"http:\\\/\\\/www.musicosalimonda.com.br\\\/wp-content\\\/uploads\\\/2014\\\/11\\\/Capas-CD-10-150x150.jpg\",\"width\":150,\"height\":150}}]}<\/script>\n<\/div>\n\t\n","protected":false},"excerpt":{"rendered":"<p>Heitor Alimonda &nbsp;<\/p>\n","protected":false},"author":1,"featured_media":0,"parent":12,"menu_order":0,"comment_status":"closed","ping_status":"closed","template":"","meta":[],"_links":{"self":[{"href":"http:\/\/www.musicosalimonda.com.br\/index.php?rest_route=\/wp\/v2\/pages\/152"}],"collection":[{"href":"http:\/\/www.musicosalimonda.com.br\/index.php?rest_route=\/wp\/v2\/pages"}],"about":[{"href":"http:\/\/www.musicosalimonda.com.br\/index.php?rest_route=\/wp\/v2\/types\/page"}],"author":[{"embeddable":true,"href":"http:\/\/www.musicosalimonda.com.br\/index.php?rest_route=\/wp\/v2\/users\/1"}],"replies":[{"embeddable":true,"href":"http:\/\/www.musicosalimonda.com.br\/index.php?rest_route=%2Fwp%2Fv2%2Fcomments&post=152"}],"version-history":[{"count":28,"href":"http:\/\/www.musicosalimonda.com.br\/index.php?rest_route=\/wp\/v2\/pages\/152\/revisions"}],"predecessor-version":[{"id":899,"href":"http:\/\/www.musicosalimonda.com.br\/index.php?rest_route=\/wp\/v2\/pages\/152\/revisions\/899"}],"up":[{"embeddable":true,"href":"http:\/\/www.musicosalimonda.com.br\/index.php?rest_route=\/wp\/v2\/pages\/12"}],"wp:attachment":[{"href":"http:\/\/www.musicosalimonda.com.br\/index.php?rest_route=%2Fwp%2Fv2%2Fmedia&parent=152"}],"curies":[{"name":"wp","href":"https:\/\/api.w.org\/{rel}","templated":true}]}}