{"id":15,"date":"2014-01-31T12:35:19","date_gmt":"2014-01-31T12:35:19","guid":{"rendered":"http:\/\/www.musicosalimonda.com.br\/?page_id=15"},"modified":"2014-06-18T14:58:08","modified_gmt":"2014-06-18T14:58:08","slug":"alteia-alimonda","status":"publish","type":"page","link":"http:\/\/www.musicosalimonda.com.br\/?page_id=15","title":{"rendered":"ALTEA ALIMONDA"},"content":{"rendered":"<p><a href=\"http:\/\/www.musicosalimonda.com.br\/wp-content\/uploads\/2014\/01\/ALIMONDA-Promocional_16.jpeg\"><img decoding=\"async\" loading=\"lazy\" class=\"alignright wp-image-390 size-thumbnail\" src=\"http:\/\/www.musicosalimonda.com.br\/wp-content\/uploads\/2014\/01\/ALIMONDA-Promocional_16-150x150.jpeg\" alt=\"\" width=\"150\" height=\"150\" \/><\/a><\/p>\n<h4 style=\"text-align: justify;\"><strong>Violinista<\/strong><\/h4>\n<p>&nbsp;<\/p>\n<h4 style=\"text-align: justify;\">\u00a026\/mai\/<strong>1919 &#8211;<\/strong>\u00a0 Nasce em Araraquara \u2013 S\u00e3o Paulo<\/h4>\n<h4 style=\"text-align: justify;\"><strong>1928\/33 &#8211;\u00a0<\/strong>Apresentou-se em algumas audi\u00e7\u00f5es, como a \u201cEscola Alem\u00e3\u201d.\u00a0<em>Freq\u00fcentemente vinha \u00e0 SP de trem (7 horas de viagem) e depois pegava 2 bondes para tomar aula com o prof. Cantu. Inicialmente vinha e voltava no mesmo dia<\/em><\/h4>\n<h4 style=\"text-align: justify;\"><strong>1933\/39 &#8211;\u00a0<\/strong>Estudou com o Maestro Torquato Amore<\/h4>\n<h4 style=\"text-align: justify;\"><strong>1935 &#8211;\u00a0<\/strong>Conservat\u00f3rio Dram\u00e1tico e Musical de S\u00e3o Paulo \u2013 \u201cConcerto de Responsabilidade\u201d.<\/h4>\n<h4 style=\"text-align: justify;\"><strong>1939<\/strong>\u00a0&#8211; 1\u00ba. Lugar no Conselho de Orienta\u00e7\u00e3o Art\u00edstica do Estado de S\u00e3o Paulo \u2013 \u201cPr\u00eamio de viagem \u00e0 Europa\u201d. \u00a0Paris, Fran\u00e7a \u2013 Cursou o \u201cInstitut Instrumental\u201d \u2013 Georges Enesco.\u00a0\u00a0<em>Foi para Paris com a bolsa que deveria durar tr\u00eas anos, por\u00e9m com o in\u00edcio da guerra, o Embaixador Brasileiro sugeriu que voltasse ao Brasil.<\/em><\/h4>\n<h4 style=\"text-align: justify;\"><strong>1940 &#8211;\u00a0<\/strong>Tourn\u00e9e pelo Brasil \u2013 Recife, Belo Horizonte, Rio de Janeiro, Curitiba, Florian\u00f3polis, Porto Alegre, S\u00e3o Paulo, campinas, Jundia\u00ed, Piracicaba, Jaboticabal, Araraquara, Ca\u00e7apava.<\/h4>\n<h4 style=\"text-align: justify;\"><strong>1941 &#8211; USA<\/strong>\u00a0\u00a0 Massachussets, a convite do Festival Musical do \u201cBerkshire Music Center\u201d \u2013 Serge Koussevitzky. (Primeira brasileira a participar deste Festival<em>).\u00a0<\/em><strong>\u00a0<\/strong><em>Foi a 1\u00aa. Num concurso de quatro, Morou na escola. Entre seus colegas de turma destacaram-se v\u00e1rios artistas famosos, para citar um, o Maestro Leonard Bernstein.\u00a0<\/em>New York \u2013 Bolsa na \u201cJulliard School of Music\u201d \u2013 Louis Persinger. (Primeira brasileira a ser aceita como aluna).\u00a0\u00a0<em>Para conseguir se manter, depois da bolsa ter terminado, morou na resid\u00eancia da fam\u00edlia do famoso Isaac Stern, onde tinha um quarto e ajudava tomando conta da Senhora m\u00e3e do Stern.<\/em><\/h4>\n<h4 style=\"text-align: justify;\">24\/jun Concerto de Violino no navio <em>S. S. Uruguay<\/em>.<\/h4>\n<h4 style=\"text-align: justify;\"><strong>1942 &#8211;\u00a0<\/strong>New York &#8211; Harvard Club, concerto com a pianista Yara Bernette.\u00a0Norristown \u2013 Concerto com a cantora Helena Figner.\u00a0Massachussets, novamente no Festival Musical do \u201cBerkshire Music Center.<\/h4>\n<h4 style=\"text-align: justify;\"><strong>1942\/43 &#8211;\u00a0<\/strong>Concertos na Columbia University e Educational Alliance.<\/h4>\n<h4 style=\"text-align: justify;\"><strong>1943 &#8211;\u00a0<\/strong>Ingressa como volunt\u00e1ria no \u201cU.S.O. Camp Shows\u201d \u2013 Realiza cerca de 300 audi\u00e7\u00f5es para as Tropas Americanas e Aliadas, em territ\u00f3rio Americano e Inglaterra, Fran\u00e7a e Filipinas (\u201cTeatro do Pac\u00edfico\u201d). Recebe dois atestados de m\u00e9rito, expedidos pelo Departamento de Guerra dos Estados Unidos, e \u00e9 detentora do Emblema do Servi\u00e7o Civil, conferido pelo Governo Americano, em sinal de reconhecimento por sua coopera\u00e7\u00e3o.\u00a0<strong>\u00a0<\/strong><em>No \u201cCamp Shows\u201d, viajava na Guerra com o grupo art\u00edstico que se apresentava aos soldados. Tamb\u00e9m nestes shows, participaram Glenn Miller e Bob Hope. Fazia viagens de navio de at\u00e9 40 dias pela Europa e Pacifico, indo at\u00e9 as Filipinas, onde os americanos estavam estacionados perto do perigo Japon\u00eas.\u00a0<\/em><em>Nas Filipinas, um dia em viagem de sua turn\u00ea, precisou viajar num avi\u00e3o bombardeiro, e como s\u00f3 havia lugar no compartimento de bombas, ela e mais cinco passageiros viajaram nos gelados \u201cber\u00e7os\u201d de bombas do avi\u00e3o.\u00a0<\/em><em>\u00a0Uma vez num almo\u00e7o do ex\u00e9rcito, estava presente o futuro presidente americano, Dwight D. Eisenhower, na \u00e9poca Comandante Supremo das For\u00e7as Aliadas.\u00a0<\/em><em>Algumas passagens interessantes: na Normandia, teve de atravessar o Canal da Mancha nas barca\u00e7as de guerra, e na Inglaterra sobreviveu a uma bomba voadora que passou perto da janela de seu hotel (notou ela pelo espelho e pelo barulho que fazia ao cair) que destruiu alguns quarteir\u00f5es perto de onde estava. R<\/em><em>ecebeu uma carta de agradecimento do presidente americano Franklin Delano Roosevelt.<\/em><strong>\u00a0 \u00a0 \u00a0 \u00a0 \u00a0 \u00a0 \u00a0 \u00a0 \u00a0\u00a0<\/strong><\/h4>\n<h4 style=\"text-align: justify;\"><strong>1946<\/strong>\u00a0&#8211; Retorna a New York.\u00a0Genebra, Su\u00ed\u00e7a \u2013 Concurso Internacional de M\u00fasica.<\/h4>\n<h4 style=\"text-align: justify;\"><strong>1947 &#8211;\u00a0<\/strong>21\/abr Recital no Teatro Municipal do Rio de Janeiro.\u00a027\/mai Recital no Teatro Municipal de S\u00e3o Paulo.\u00a020\/jun Concerto Sinf\u00f4nico no Teatro Municipal de S\u00e3o Paulo.\u00a030\/ago Recital na Cultura Art\u00edstica de Minas Gerais.\u00a010\/set Concerto com Guiomar Novaes &#8211; Comemora\u00e7\u00e3o dos 17 anos do Teatro Municipal de Campinas.\u00a021\/out \u00a0Concerto no Teatro Municipal de S\u00e3o Paulo.\u00a025\/out Recital junto com o pianista Heitor Alimonda, em Araraquara.\u00a024\/Nov Concerto no Teatro Municipal de S\u00e3o Paulo.<\/h4>\n<h4 style=\"text-align: justify;\"><strong>1948 &#8211;\u00a0<\/strong>04\/mai Recital de Violino \u2013 Cultura Art\u00edstica de Minas Gerais.\u00a010\/mai Concerto com o pianista Heitor Alimonda, no Teatro Municipal de Campinas.\u00a0mai Scheveningen, Holanda \u2013 Concurso Internacional de M\u00fasica.\u00a023\/set Basel, Sui\u00e7a \u2013 Concerto com a pianista Lydia Alimonda Haller.\u00a028\/set \u00a0Paris, Fran\u00e7a \u2013 Concerto com a pianista Lydia Alimonda Haller.\u00a023\/dez New York, USA &#8211; Concerto no Town Hall.\u00a0<em>Contratada pela \u201cNational Concert and Artists Corporation\u201d, para uma tourn\u00e9e em diversas cidades dos Estados Unidos.<\/em><\/h4>\n<h4 style=\"text-align: justify;\"><strong>1949 &#8211;\u00a0<\/strong>\u00a0Temporada de 10 Concertos com a \u201cPr\u00f3-Arte\u201d.\u00a030\/abr Recital na Sociedade de Cultura Art\u00edstica de Porto Alegre.\u00a002\/mai Recital na Sociedade de Cultura Art\u00edstica de Porto Alegre.\u00a005\/mai \u00a0Recital na Sociedade de Cultura Art\u00edstica de Porto Alegre.\u00a026\/mai Recital na Sociedade de Concertos Sinf\u00f4nicos de Belo Horizonte.\u00a006\/jun Recital na Sociedade de Cultura Art\u00edstica de S\u00e3o Paulo.\u00a024\/jun Recital no Teatro S\u00e3o Francisco de S\u00e3o Paulo.\u00a028\/jun Concerto no Teatro Municipal de S\u00e3o Paulo.\u00a022\/ago Concerto no Teatro Coliseu &#8211; Centro de Expans\u00e3o Cultural de Santos.\u00a027\/ago Concerto no Teatro Municipal de S\u00e3o Paulo.\u00a009\/set Recital em Araraquara, S\u00e3o Paulo.\u00a018\/set Recital no Teatro Municipal de S\u00e3o Paulo.\u00a0Nov- USA &#8211; Hibbing, Minnesota \u2013 Temporada de Concertos 1949\/50.<\/h4>\n<h4 style=\"text-align: justify;\"><strong>1950 \u2013 USA\u00a0<\/strong>Curso de interpreta\u00e7\u00e3o, com o Prof. Ernst Rosenberg, dedicado \u00e0s Sonatas de Beethoven, Mozart e Brahms.\u00a025\/Jan Newport, Rhode Island \u2013 Concerto para Newport Civic Music Association.\u00a019\/fev \u00a0New York \u2013 Concerto na New York Public Library.\u00a026\/mar \u00a0New York &#8211; Recital no Harvard Club.<\/h4>\n<h4 style=\"text-align: justify;\"><strong>1951 &#8211;\u00a0<\/strong>11\/mar \u00a0USA \u2013 Concerto para Woonsocket Music Association.\u00a013\/mai \u00a0USA \u2013 Concerto para Waltham Civic Music Association.\u00a025\/ago Concerto em Recife, para a Sociedade de Cultura Musical de Pernambuco.\u00a027\/ago Concerto em Recife, para a Sociedade de Cultura Musical de Pernambuco.\u00a026\/out Concerto no Teatro S\u00e3o Francisco, S\u00e3o Paulo.\u00a014\/nov Concerto para Sociedade Bach de S\u00e3o Paulo.\u00a008\/dez Concerto em Araraquara, S\u00e3o Paulo.<\/h4>\n<h4 style=\"text-align: justify;\"><strong>1952 &#8211;\u00a0<\/strong>17\/mar Concerto em Ja\u00fa, S\u00e3o Paulo.\u00a029\/abr \u00a0Concerto em Bauru, S\u00e3o Paulo.\u00a026\/mai\u00a0\u00a0\u00a0\u00a0\u00a0\u00a0\u00a0\u00a0\u00a0 Concerto na Sociedade de Cultura Art\u00edstica de S\u00e3o Paulo.\u00a025\/jun Concerto em Santos, S\u00e3o Paulo.\u00a010\/jul Concerto no Teatro Colombo, em S\u00e3o Paulo.\u00a020\/ago Concerto em Araraquara, S\u00e3o Paulo.\u00a029\/ago\u00a0\u00a0\u00a0\u00a0\u00a0\u00a0\u00a0\u00a0\u00a0 Concerto em Santos.<\/h4>\n<h4 style=\"text-align: justify;\"><strong>1953 &#8211;\u00a0<\/strong>22\/jul Concerto com a Orquestra Sinf\u00f4nica de Porto Alegre \u2013 Teatro S\u00e3o Pedro \u2013 Porto Alegre.\u00a014\/out \u00a0Concerto em Campinas, S\u00e3o Paulo.<\/h4>\n<h4 style=\"text-align: justify;\"><strong>1959 &#8211;\u00a0<\/strong>\u201cSpalla\u201d da Orquestra de C\u00e2mara Pr\u00f3 Arte.\u00a027\/jul Concerto no Teatro Municipal de S\u00e3o Paulo, com a Orquestra de C\u00e2mara Pr\u00f3 Arte.\u00a003\/set Concerto no Rio de Janeiro, com a Orquestra de C\u00e2mara Pr\u00f3 Arte.\u00a0Participa como professora no \u201cCurso Musical de F\u00e9rias\u201d, em conjunto com o Maestro Roberto Schnorrenberg e o pianista Heitor Alimonda,\u00a0\u00a0 no S\u00edtio das Figueiras, em S\u00e3o Paulo.\u00a0Constitui junto com a pianista Lydia Alimonda, o \u201cDuo Alimonda\u201d.\u00a0Constitui junto com a pianista Lydia Alimonda, e o violoncelista Calixto Corazza, o \u201cTrio Schubert\u201d.<\/h4>\n<h4 style=\"text-align: justify;\"><strong>1963 &#8211;\u00a0<\/strong>28\/set Recital de Sonatas &#8211; \u201cDuo Alimonda\u201d &#8211; Gr\u00eamio Bela Bartok.\u00a023\/out \u00a0Recital de Sonatas \u2013 \u201cDuo Alimonda\u201d &#8211; Teatro Municipal de S\u00e3o Paulo.<\/h4>\n<h4 style=\"text-align: justify;\"><strong>1967 &#8211;\u00a0<\/strong>05\/set Concerto no Consulado Geral da \u00c1ustria \u2013 \u201cM\u00fasica Contempor\u00e2nea Austr\u00edaca\u201d.<\/h4>\n<h4 style=\"text-align: justify;\"><strong>1968 &#8211;\u00a0<\/strong>22\/mar \u00a0Concerto \u201cDuo Alimonda\u201d- Centro de Expans\u00e3o Cultural de Santos.\u00a014\/mai\u00a0\u00a0\u00a0\u00a0\u00a0\u00a0\u00a0\u00a0\u00a0 Recital no \u201cCountry Club\u201d de Rol\u00e2ndia.\u00a015\/mai Recital no Audit\u00f3rio de Londrina.\u00a006\/jun\u00a0\u00a0\u00a0\u00a0\u00a0\u00a0\u00a0\u00a0\u00a0\u00a0 Festival Schubert \u201c\u00c0 Luz de Velas\u201d \u2013 Conselho Municipal de Cultura \u2013 S\u00e3o Carlos.<\/h4>\n<h4 style=\"text-align: justify;\"><strong>1969 &#8211;\u00a0<\/strong>18\/abr \u00a0Festival Schubert \u2013 Conselho Municipal de Cultura.\u00a014\/ago Festival Schubert \u2013 Movimento Cultural Pr\u00f3-Arte \u2013 Limeira<\/h4>\n<h4 style=\"text-align: justify;\"><strong>1971<\/strong><\/h4>\n<h4 style=\"text-align: justify;\"><strong>1972 &#8211;\u00a0<\/strong>Atua como professora de violino na \u201cEscolinha de M\u00fasica e Artes em Geral de S\u00e3o Paulo\u201d.<\/h4>\n<h4 style=\"text-align: justify;\"><strong>1973 &#8211;\u00a0<\/strong>23\/nov \u00a0Concerto no Pa\u00e7o Municipal de Campinas \u2013 \u201cNoite Schubert\u201d.\u00a028\/nov\u00a0\u00a0\u00a0\u00a0\u00a0\u00a0\u00a0\u00a0\u00a0 Concerto no Teatro Municipal de S\u00e3o Carlos \u2013 \u201cNoite Schubert\u201d.<\/h4>\n<h4 style=\"text-align: justify;\"><strong>1974 &#8211;\u00a0<\/strong>Tourn\u00e9e pelo interior do estado de S\u00e3o Paulo, a convite do Conselho Estadual de Cultura. Apresenta-se tamb\u00e9m na s\u00e9rie de recitais \u201cSegundas Musicais\u201d, e no \u201cAnfiteatro Verde\u201d, no Morumb\u00ed, em S\u00e3o Paulo.\u00a028\/nov Recital de Violino em Santos.<\/h4>\n<h4 style=\"text-align: justify;\"><strong>1975 &#8211;\u00a0<\/strong>23\/mai \u00a0Concerto \u201cDuo Alimonda\u201d \u2013 Americana.\u00a019\/jun Recital de M\u00fasica de C\u00e2mara \u2013 Trio Alimonda \u2013 MASP \u2013 S\u00e3o Paulo.\u00a024\/jun Execu\u00e7\u00e3o pelo \u201c\u201dTrio Alimonda\u201d (Altea \u2013 Violinista, Heitor e Lydia \u2013 Pianistas) de obras de Francisco Mignone (\u201cCantigas de Roda e Algo Mais\u201d) e Edino Krieger (\u201cSon\u00e2ncias\u201d), dedicadas especificamente aos irm\u00e3os Alimonda \u2013 MASP \u2013 S\u00e3o Paulo.\u00a0\u00a0<em>Neste concerto, ao final junta-se o quarto membro da fam\u00edlia de m\u00fasicos Alimonda, a irm\u00e3 Ada, tamb\u00e9m ao piano, na execu\u00e7\u00e3o de \u201cReverie du soir\u201d, de Saint-Saens.\u00a0<\/em>16\/ago Recital \u201cTrio Alimonda\u201d \u2013 Escola de M\u00fasica da UERJ \u2013 Rio de Janeiro.\u00a018\/ago Recital de M\u00fasica de C\u00e2mara\u00a0 &#8211; Trio Alimonda \u2013 UFRJ \u2013 Rio de Janeiro.\u00a013\/set Concerto \u201cDuo Alimonda\u201d \u2013 Araraquara.\u00a014\/set Concerto \u201cDuo Alimonda\u201d \u2013 Araraquara.<\/h4>\n<h4 style=\"text-align: justify;\"><strong>1976 &#8211;\u00a0<\/strong>05-06\/nov \u00a0\u201cTrio Alimonda\u201d- Temporada 1976 da Sala Cec\u00edlia Meireles \u2013 Rio de Janeiro<\/h4>\n<h4 style=\"text-align: justify;\"><strong>1977 &#8211;\u00a0<\/strong>21\/mai Recital \u201cDuo Alimonda\u201d- Col\u00e9gio S\u00e3o Jos\u00e9 &#8211; Presidente Prudente.\u00a028\/mai\u00a0\u00a0\u00a0\u00a0\u00a0\u00a0\u00a0\u00a0\u00a0 Recital \u201cDuo Alimonda\u201d- Conservat\u00f3rio Musical &#8211; Presidente Prudente<\/h4>\n<h4 style=\"text-align: justify;\"><strong>1978 &#8211;\u00a0<\/strong>19\/nov \u00a0Concerto \u201cDuo Alimonda\u201d \u2013 MASP \u2013 S\u00e3o Paulo<\/h4>\n","protected":false},"excerpt":{"rendered":"<p>Violinista &nbsp; \u00a026\/mai\/1919 &#8211;\u00a0 Nasce em Araraquara \u2013 S\u00e3o Paulo 1928\/33 &#8211;\u00a0Apresentou-se em algumas audi\u00e7\u00f5es, como a \u201cEscola Alem\u00e3\u201d.\u00a0Freq\u00fcentemente vinha \u00e0 SP de trem (7 horas de viagem) e depois pegava 2 bondes para tomar aula com o prof. Cantu. Inicialmente vinha e voltava no mesmo dia 1933\/39 &#8211;\u00a0Estudou com o Maestro Torquato Amore 1935 &#8211;\u00a0Conservat\u00f3rio Dram\u00e1tico e Musical de &hellip; <a class=\"meta-nav\" href=\"http:\/\/www.musicosalimonda.com.br\/?page_id=15\">Continue reading &rarr;<\/a><\/p>\n","protected":false},"author":1,"featured_media":0,"parent":0,"menu_order":0,"comment_status":"closed","ping_status":"closed","template":"","meta":[],"_links":{"self":[{"href":"http:\/\/www.musicosalimonda.com.br\/index.php?rest_route=\/wp\/v2\/pages\/15"}],"collection":[{"href":"http:\/\/www.musicosalimonda.com.br\/index.php?rest_route=\/wp\/v2\/pages"}],"about":[{"href":"http:\/\/www.musicosalimonda.com.br\/index.php?rest_route=\/wp\/v2\/types\/page"}],"author":[{"embeddable":true,"href":"http:\/\/www.musicosalimonda.com.br\/index.php?rest_route=\/wp\/v2\/users\/1"}],"replies":[{"embeddable":true,"href":"http:\/\/www.musicosalimonda.com.br\/index.php?rest_route=%2Fwp%2Fv2%2Fcomments&post=15"}],"version-history":[{"count":11,"href":"http:\/\/www.musicosalimonda.com.br\/index.php?rest_route=\/wp\/v2\/pages\/15\/revisions"}],"predecessor-version":[{"id":550,"href":"http:\/\/www.musicosalimonda.com.br\/index.php?rest_route=\/wp\/v2\/pages\/15\/revisions\/550"}],"wp:attachment":[{"href":"http:\/\/www.musicosalimonda.com.br\/index.php?rest_route=%2Fwp%2Fv2%2Fmedia&parent=15"}],"curies":[{"name":"wp","href":"https:\/\/api.w.org\/{rel}","templated":true}]}}